{"id":1355,"date":"2019-12-29T14:57:51","date_gmt":"2019-12-29T12:57:51","guid":{"rendered":"https:\/\/tudulinnakultuurikants.ee\/?page_id=1355"},"modified":"2019-12-29T15:08:17","modified_gmt":"2019-12-29T13:08:17","slug":"homepage-ru","status":"publish","type":"page","link":"https:\/\/tudulinnakultuurikants.ee\/?page_id=1355","title":{"rendered":"Homepage-ru"},"content":{"rendered":"<div id=\"pl-1355\"  class=\"panel-layout\" ><div id=\"pg-1355-0\"  class=\"panel-grid panel-has-style\" ><div style=\"padding-top: 0px; padding-bottom: -10px; \" class=\"panel-row-style panel-row-style-for-1355-0\" ><div id=\"pgc-1355-0-0\"  class=\"panel-grid-cell\" ><\/div><\/div><\/div><div id=\"pg-1355-1\"  class=\"panel-grid panel-has-style\" ><div class=\"siteorigin-panels-stretch panel-row-style panel-row-style-for-1355-1\" style=\"padding-top: 50px; padding-bottom: 50px; \" data-stretch-type=\"full\" ><div id=\"pgc-1355-1-0\"  class=\"panel-grid-cell\" ><div id=\"panel-1355-1-0-0\" class=\"so-panel widget widget_text panel-first-child\" data-index=\"1\" ><div class=\"panel-widget-style panel-widget-style-for-1355-1-0-0\" >\t\t\t<div class=\"textwidget\"><h2>KIRIKU TAASTAMINE<\/h2>\n<p style=\"font-style:italic;\">Kuidas edenevad renoveeringud?<\/p><\/div>\n\t\t<\/div><\/div><div id=\"panel-1355-1-0-1\" class=\"so-panel widget widget_ink-blog panel-last-child\" data-index=\"2\" ><div\n\t\t\t\n\t\t\tclass=\"so-widget-ink-blog so-widget-ink-blog-thumb-none-85237d38f36d-1355\"\n\t\t\t\n\t\t>\n\n\n\t<div class=\"iw-so-blog\">\n\n\t\t<div id=\"my-ajax-blog-widget\">\n\n\t\t\t<div class=\"iw-so-blog-container iw-so-blog-equal-height\">\n\n\t\t\t\t\n\t\t\t\t\t<div class=\"iw-so-article iw-so-no-thumb iw-so-blog-three-column iw-so-first-col\">\n\n\t\t\t\t\t\t<div class=\"iw-so-article-content\">\n\n\t\t\t\t\t\t\t\n\t\t\t\t\t\t\t\n\t\t\t\t\t\t\t<h2 class=\"iw-so-article-title iw-text-left\">\n\t\t\t\t\t\t\t\t<a href=\"https:\/\/tudulinnakultuurikants.ee\/?p=5989\">\t\t\t\t\t\t\t\t\tLauri V\u00e4inmaa saab suure tunnustuse !\t\t\t\t\t\t\t\t<\/a>\t\t\t\t\t\t\t<\/h2>\n\n\t\t\t\t\t\t\t\n\t\t\t\t\t\t\t\t<p class=\"iw-so-article-byline-below iw-text-left\">\n\t\t\t\t\t\t\t\t\t01.02.2026\t\t\t\t\t\t\t\t<\/p>\n\n\t\t\t\t\t\t\t\n\t\t\t\t\t\t\t\n\t\t\t\t\t\t\t\t<p class=\"iw-so-article-excerpt iw-text-left\">\n\t\t\t\t\t\t\t\t\t\t\t\t\t\t\t\t\t\t\t<a href=\"https:\/\/tudulinnakultuurikants.ee\/?p=5989\">\n\t\t\t\t\t\t\t\t\t\t\tMT\u00dc Tudulinna Kultuurikants juhatuse esimees Lauri V\u00e4inmaa pikaajaline tegevus...\t\t\t\t\t\t\t\t\t\t<\/a>\n\t\t\t\t\t\t\t\t\t\t\t\t\t\t\t\t\t<\/p>\n\n\t\t\t\t\t\t\t\n\t\t\t\t\t\t\t\n\t\t\t\t\t\t\t\n\t\t\t\t\t\t\t\t<div class=\"iw-so-article-button\">\n\t\t\t\t\t\t\t\t\t<a class=\"iw-so-article-btn iw-so-article-btn-hover iw-so-article-btn-click\" href=\"https:\/\/tudulinnakultuurikants.ee\/?p=5989\">\n\t\t\t\t\t\t\t\t\t\tLoe l\u00e4hemalt\t\t\t\t\t\t\t\t\t<\/a>\n\t\t\t\t\t\t\t\t<\/div>\n\n\t\t\t\t\t\t\t\n\t\t\t\t\t\t<\/div>\n\n\t\t\t\t\t<\/div>\n\n\t\t\t\t\t\n\t\t\t\t\n\t\t\t\t\t<div class=\"iw-so-article iw-so-no-thumb iw-so-blog-three-column \">\n\n\t\t\t\t\t\t<div class=\"iw-so-article-content\">\n\n\t\t\t\t\t\t\t\n\t\t\t\t\t\t\t\n\t\t\t\t\t\t\t<h2 class=\"iw-so-article-title iw-text-left\">\n\t\t\t\t\t\t\t\t<a href=\"https:\/\/tudulinnakultuurikants.ee\/?p=5986\">\t\t\t\t\t\t\t\t\tEesti ja Tudulinna kirjanduse p\u00e4ev\t\t\t\t\t\t\t\t<\/a>\t\t\t\t\t\t\t<\/h2>\n\n\t\t\t\t\t\t\t\n\t\t\t\t\t\t\t\t<p class=\"iw-so-article-byline-below iw-text-left\">\n\t\t\t\t\t\t\t\t\t30.01.2026\t\t\t\t\t\t\t\t<\/p>\n\n\t\t\t\t\t\t\t\n\t\t\t\t\t\t\t\n\t\t\t\t\t\t\t\t<p class=\"iw-so-article-excerpt iw-text-left\">\n\t\t\t\t\t\t\t\t\t\t\t\t\t\t\t\t\t\t\t<a href=\"https:\/\/tudulinnakultuurikants.ee\/?p=5986\">\n\t\t\t\t\t\t\t\t\t\t\tEesti ja Tudulinna kirjanduse p\u00e4ev Alates 2023. aastast on...\t\t\t\t\t\t\t\t\t\t<\/a>\n\t\t\t\t\t\t\t\t\t\t\t\t\t\t\t\t\t<\/p>\n\n\t\t\t\t\t\t\t\n\t\t\t\t\t\t\t\n\t\t\t\t\t\t\t\n\t\t\t\t\t\t\t\t<div class=\"iw-so-article-button\">\n\t\t\t\t\t\t\t\t\t<a class=\"iw-so-article-btn iw-so-article-btn-hover iw-so-article-btn-click\" href=\"https:\/\/tudulinnakultuurikants.ee\/?p=5986\">\n\t\t\t\t\t\t\t\t\t\tLoe l\u00e4hemalt\t\t\t\t\t\t\t\t\t<\/a>\n\t\t\t\t\t\t\t\t<\/div>\n\n\t\t\t\t\t\t\t\n\t\t\t\t\t\t<\/div>\n\n\t\t\t\t\t<\/div>\n\n\t\t\t\t\t\n\t\t\t\t\n\t\t\t\t\t<div class=\"iw-so-article iw-so-no-thumb iw-so-blog-three-column iw-so-last-col\">\n\n\t\t\t\t\t\t<div class=\"iw-so-article-content\">\n\n\t\t\t\t\t\t\t\n\t\t\t\t\t\t\t\n\t\t\t\t\t\t\t<h2 class=\"iw-so-article-title iw-text-left\">\n\t\t\t\t\t\t\t\t<a href=\"https:\/\/tudulinnakultuurikants.ee\/?p=5910\">\t\t\t\t\t\t\t\t\tKauaoodatud Tudulinna ajalooraamat on ilmunud!\t\t\t\t\t\t\t\t<\/a>\t\t\t\t\t\t\t<\/h2>\n\n\t\t\t\t\t\t\t\n\t\t\t\t\t\t\t\t<p class=\"iw-so-article-byline-below iw-text-left\">\n\t\t\t\t\t\t\t\t\t13.01.2026\t\t\t\t\t\t\t\t<\/p>\n\n\t\t\t\t\t\t\t\n\t\t\t\t\t\t\t\n\t\t\t\t\t\t\t\t<p class=\"iw-so-article-excerpt iw-text-left\">\n\t\t\t\t\t\t\t\t\t\t\t\t\t\t\t\t\t\t\t<a href=\"https:\/\/tudulinnakultuurikants.ee\/?p=5910\">\n\t\t\t\t\t\t\t\t\t\t\tTudulinna Raamat Aasta v\u00e4\u00e4rika l\u00f5pu m\u00e4rkimiseks ilmus kauaoodatud raamat!...\t\t\t\t\t\t\t\t\t\t<\/a>\n\t\t\t\t\t\t\t\t\t\t\t\t\t\t\t\t\t<\/p>\n\n\t\t\t\t\t\t\t\n\t\t\t\t\t\t\t\n\t\t\t\t\t\t\t\n\t\t\t\t\t\t\t\t<div class=\"iw-so-article-button\">\n\t\t\t\t\t\t\t\t\t<a class=\"iw-so-article-btn iw-so-article-btn-hover iw-so-article-btn-click\" href=\"https:\/\/tudulinnakultuurikants.ee\/?p=5910\">\n\t\t\t\t\t\t\t\t\t\tLoe l\u00e4hemalt\t\t\t\t\t\t\t\t\t<\/a>\n\t\t\t\t\t\t\t\t<\/div>\n\n\t\t\t\t\t\t\t\n\t\t\t\t\t\t<\/div>\n\n\t\t\t\t\t<\/div>\n\n\t\t\t\t\t\n\t\t\t\t\n\t\t\t<\/div>\n\n\t\t\t\n\t\t\n\t\t\t\t\t<nav id='iw-so-blog-pagination' class=\"iw-so-blog-pagination iw-so-blog-paginate iw-so-navi-btn iw-so-navi-btn-hover iw-so-navi-btn-click iw-so-navi-ajax\" role=\"navigation\">\n\t\t\t\t<h3 class=\"screen-reader-text\">Posts Navigation<\/h3>\n\t\t\t\t<div class=\"iw-so-nav-links\">\n\t\t\t\t\t\t\t\t\t\t<span aria-current=\"page\" class=\"page-numbers current\">1<\/span>\n<a class=\"page-numbers\" href=\"https:\/\/tudulinnakultuurikants.ee\/index.php?rest_route=%2Fwp%2Fv2%2Fpages%2F1355&#038;paged=2\">2<\/a>\n<span class=\"page-numbers dots\">&hellip;<\/span>\n<a class=\"page-numbers\" href=\"https:\/\/tudulinnakultuurikants.ee\/index.php?rest_route=%2Fwp%2Fv2%2Fpages%2F1355&#038;paged=20\">20<\/a>\n<a class=\"next page-numbers\" href=\"https:\/\/tudulinnakultuurikants.ee\/index.php?rest_route=%2Fwp%2Fv2%2Fpages%2F1355&#038;paged=2\"> <span class=\"sow-icon-fontawesome sow-fas\" data-sow-icon=\"&#xf105;\"\n\t\t \n\t\taria-hidden=\"true\"><\/span><\/a>\n\t\t\t\t<\/div>\n\t\t\t<\/nav>\n\t\t\n\t\n\t\t<\/div>\n\n\t<\/div>\n\n\n\n\t\t<script>\n\t\tjQuery(document).ready(function(){\n\t\t\t\/\/ AJAX pagination\n\t\t\tjQuery(function($) {\n\t\t\t\t$( '#my-ajax-blog-widget' ).parent( '.iw-so-blog' ).on( 'click', '#iw-so-blog-pagination.iw-so-navi-ajax a', function(e){\n\t\t\t\t\te.preventDefault();\n\t\t\t\t\tvar link = $(this).attr( 'href' );\n\t\t\t\t\t$( '#my-ajax-blog-widget' ).parent().fadeOut(300, function(){\n\t\t\t\t\t\t$(this).load(link + ' #my-ajax-blog-widget', function() {\n\t\t\t\t\t\t\t$(this).fadeIn(300);\n\t\t\t\t\t\t});\n\t\t\t\t\t});\n\t\t\t\t});\n\t\t\t});\n\t\t});\n\t\t<\/script>\n\n\t<\/div><\/div><\/div><div id=\"pgc-1355-1-1\"  class=\"panel-grid-cell\" ><div id=\"panel-1355-1-1-0\" class=\"so-panel widget widget_category-posts cat-post-widget panel-first-child panel-last-child\" data-index=\"3\" ><h3 class=\"widget-title\">\u0427\u0442\u043e \u043f\u0440\u043e\u0438\u0441\u0445\u043e\u0434\u0438\u0442 \u0432 \u0422\u0443\u0434\u0443\u043b\u0438\u043d\u043d\u0435<\/h3><ul id=\"category-posts-1-internal\" class=\"category-posts-internal\">\n<\/ul>\n<\/div><\/div><\/div><\/div><div id=\"pg-1355-2\"  class=\"panel-grid panel-has-style\" ><div class=\"siteorigin-panels-stretch panel-row-style panel-row-style-for-1355-2\" style=\"padding-top: 0px; padding-bottom: 0px; \" data-stretch-type=\"full-stretched\" ><div id=\"pgc-1355-2-0\"  class=\"panel-grid-cell\" ><div id=\"panel-1355-2-0-0\" class=\"so-panel widget widget_sow-google-map panel-first-child panel-last-child\" data-index=\"4\" ><div\n\t\t\t\n\t\t\tclass=\"so-widget-sow-google-map so-widget-sow-google-map-default-a36d1f945f5e-5910\"\n\t\t\t\n\t\t>\n<div class=\"sow-google-map-canvas\"\n\tstyle=\"\"\n\tid=\"map-canvas-7adec994d5bb7cbbdd6fd59f4a287c1a\"\n\tdata-options=\"{&quot;address&quot;:&quot;59.037894, 27.076278&quot;,&quot;zoom&quot;:12,&quot;mobileZoom&quot;:12,&quot;gestureHandling&quot;:&quot;cooperative&quot;,&quot;disableUi&quot;:false,&quot;markerIcon&quot;:&quot;&quot;,&quot;markersDraggable&quot;:false,&quot;markerAtCenter&quot;:false,&quot;markerInfoDisplay&quot;:&quot;click&quot;,&quot;markerInfoMultiple&quot;:false,&quot;markerPositions&quot;:[{&quot;place&quot;:&quot;59.037792, 27.076328&quot;,&quot;info&quot;:&quot;&lt;p&gt;&lt;strong&gt;Vana puukirik&lt;\\\/strong&gt;&lt;\\\/p&gt;\\n&quot;,&quot;infoSelectedEditor&quot;:&quot;tinymce&quot;,&quot;infoMaxWidth&quot;:&quot;&quot;,&quot;customMarkerIcon&quot;:&quot;https:\\\/\\\/tudulinnakultuurikants.ee\\\/wp-content\\\/uploads\\\/2019\\\/06\\\/Webp.net-resizeimage-2.png&quot;,&quot;customMarkerIconSize&quot;:&quot;&quot;},{&quot;place&quot;:&quot;59.036738, 27.076746&quot;,&quot;info&quot;:&quot;&lt;p&gt;Rahu kirik&lt;\\\/p&gt;\\n&quot;,&quot;infoSelectedEditor&quot;:&quot;tinymce&quot;,&quot;infoMaxWidth&quot;:&quot;&quot;,&quot;customMarkerIcon&quot;:&quot;https:\\\/\\\/tudulinnakultuurikants.ee\\\/wp-content\\\/uploads\\\/2019\\\/06\\\/Webp.net-resizeimage-1-2.png&quot;,&quot;customMarkerIconSize&quot;:&quot;&quot;},{&quot;place&quot;:&quot;59.0349902, 27.084544499999993&quot;,&quot;info&quot;:&quot;&lt;p&gt;Koolimaja&lt;\\\/p&gt;\\n&quot;,&quot;infoSelectedEditor&quot;:&quot;tinymce&quot;,&quot;infoMaxWidth&quot;:&quot;&quot;,&quot;customMarkerIcon&quot;:&quot;https:\\\/\\\/tudulinnakultuurikants.ee\\\/wp-content\\\/uploads\\\/2019\\\/06\\\/Webp.net-resizeimage-1-2.png&quot;,&quot;customMarkerIconSize&quot;:&quot;&quot;},{&quot;place&quot;:&quot;59.029873, 27.082779399999936&quot;,&quot;info&quot;:&quot;&lt;p&gt;Kalmistu ning m\\u00e4lestussammas Vabaduss\\u00f5jas langenuile&lt;\\\/p&gt;\\n&quot;,&quot;infoSelectedEditor&quot;:&quot;tinymce&quot;,&quot;infoMaxWidth&quot;:&quot;&quot;,&quot;customMarkerIcon&quot;:&quot;https:\\\/\\\/tudulinnakultuurikants.ee\\\/wp-content\\\/uploads\\\/2019\\\/06\\\/Webp.net-resizeimage-1-2.png&quot;,&quot;customMarkerIconSize&quot;:&quot;&quot;},{&quot;place&quot;:&quot;59.0252, 27.106300000000033&quot;,&quot;info&quot;:&quot;&lt;p&gt;H\\u00fcdroelektrijaam&lt;\\\/p&gt;\\n&quot;,&quot;infoSelectedEditor&quot;:&quot;tinymce&quot;,&quot;infoMaxWidth&quot;:&quot;&quot;,&quot;customMarkerIcon&quot;:&quot;https:\\\/\\\/tudulinnakultuurikants.ee\\\/wp-content\\\/uploads\\\/2019\\\/06\\\/Webp.net-resizeimage-1-2.png&quot;,&quot;customMarkerIconSize&quot;:&quot;&quot;},{&quot;place&quot;:&quot;59.0124691, 27.13809459999993&quot;,&quot;info&quot;:&quot;&lt;p&gt;J\\u00e4ruska sild Lemmakus&lt;\\\/p&gt;\\n&quot;,&quot;infoSelectedEditor&quot;:&quot;tinymce&quot;,&quot;infoMaxWidth&quot;:&quot;&quot;,&quot;customMarkerIcon&quot;:&quot;https:\\\/\\\/tudulinnakultuurikants.ee\\\/wp-content\\\/uploads\\\/2019\\\/06\\\/Webp.net-resizeimage-1-2.png&quot;,&quot;customMarkerIconSize&quot;:&quot;&quot;},{&quot;place&quot;:&quot;59.0762764, 26.84570180000003&quot;,&quot;info&quot;:&quot;&lt;p&gt;&lt;strong&gt;Peressaare&lt;\\\/strong&gt;&lt;\\\/p&gt;\\n&lt;p&gt;Peressaare on k\\u00fcla Alutaguse vallas, mis rajati asundusena 1930. aastatel&lt;\\\/p&gt;\\n&quot;,&quot;infoSelectedEditor&quot;:&quot;tinymce&quot;,&quot;infoMaxWidth&quot;:&quot;&quot;,&quot;customMarkerIcon&quot;:&quot;https:\\\/\\\/tudulinnakultuurikants.ee\\\/wp-content\\\/uploads\\\/2019\\\/06\\\/Webp.net-resizeimage-1-2.png&quot;,&quot;customMarkerIconSize&quot;:&quot;&quot;},{&quot;place&quot;:&quot;59.034857, 27.087063&quot;,&quot;info&quot;:&quot;&lt;p&gt;Palvemaja&lt;\\\/p&gt;\\n&quot;,&quot;infoSelectedEditor&quot;:&quot;tinymce&quot;,&quot;infoMaxWidth&quot;:&quot;&quot;,&quot;customMarkerIcon&quot;:&quot;https:\\\/\\\/tudulinnakultuurikants.ee\\\/wp-content\\\/uploads\\\/2019\\\/06\\\/Webp.net-resizeimage-1-2.png&quot;,&quot;customMarkerIconSize&quot;:&quot;&quot;},{&quot;place&quot;:&quot;59.037945, 27.078368&quot;,&quot;info&quot;:&quot;&lt;p&gt;M\\u00f6ldri tuulik&lt;\\\/p&gt;\\n&quot;,&quot;infoSelectedEditor&quot;:&quot;tinymce&quot;,&quot;infoMaxWidth&quot;:&quot;&quot;,&quot;customMarkerIcon&quot;:&quot;https:\\\/\\\/tudulinnakultuurikants.ee\\\/wp-content\\\/uploads\\\/2019\\\/06\\\/Webp.net-resizeimage-1-2.png&quot;,&quot;customMarkerIconSize&quot;:&quot;&quot;},{&quot;place&quot;:&quot;59.034563, 27.085166&quot;,&quot;info&quot;:&quot;&lt;p&gt;M\\u00e4lestuste park&lt;\\\/p&gt;\\n&quot;,&quot;infoSelectedEditor&quot;:&quot;tinymce&quot;,&quot;infoMaxWidth&quot;:&quot;&quot;,&quot;customMarkerIcon&quot;:&quot;https:\\\/\\\/tudulinnakultuurikants.ee\\\/wp-content\\\/uploads\\\/2019\\\/06\\\/Webp.net-resizeimage-1-2.png&quot;,&quot;customMarkerIconSize&quot;:&quot;&quot;}],&quot;mapName&quot;:&quot;&quot;,&quot;mapStyles&quot;:&quot;&quot;,&quot;directions&quot;:&quot;&quot;,&quot;apiKey&quot;:&quot;AIzaSyBQeLpM9_Q4cSLJS-k3KuJK5HhGG6q1jNA&quot;,&quot;breakpoint&quot;:780}\"\n\tdata-fallback-image=\"{&quot;img&quot;:&quot;&quot;}\"><\/div>\n<\/div><\/div><\/div><\/div><\/div><\/div>","protected":false},"excerpt":{"rendered":"<p>KIRIKU TAASTAMINE Kuidas edenevad renoveeringud?<\/p>\n","protected":false},"author":1,"featured_media":0,"parent":0,"menu_order":0,"comment_status":"closed","ping_status":"closed","template":"page-templates\/template_page-builder.php","meta":{"_bbp_topic_count":0,"_bbp_reply_count":0,"_bbp_total_topic_count":0,"_bbp_total_reply_count":0,"_bbp_voice_count":0,"_bbp_anonymous_reply_count":0,"_bbp_topic_count_hidden":0,"_bbp_reply_count_hidden":0,"_bbp_forum_subforum_count":0,"footnotes":"","_links_to":"","_links_to_target":""},"class_list":["post-1355","page","type-page","status-publish","hentry","list-style-post"],"_links":{"self":[{"href":"https:\/\/tudulinnakultuurikants.ee\/index.php?rest_route=\/wp\/v2\/pages\/1355","targetHints":{"allow":["GET"]}}],"collection":[{"href":"https:\/\/tudulinnakultuurikants.ee\/index.php?rest_route=\/wp\/v2\/pages"}],"about":[{"href":"https:\/\/tudulinnakultuurikants.ee\/index.php?rest_route=\/wp\/v2\/types\/page"}],"author":[{"embeddable":true,"href":"https:\/\/tudulinnakultuurikants.ee\/index.php?rest_route=\/wp\/v2\/users\/1"}],"replies":[{"embeddable":true,"href":"https:\/\/tudulinnakultuurikants.ee\/index.php?rest_route=%2Fwp%2Fv2%2Fcomments&post=1355"}],"version-history":[{"count":9,"href":"https:\/\/tudulinnakultuurikants.ee\/index.php?rest_route=\/wp\/v2\/pages\/1355\/revisions"}],"predecessor-version":[{"id":1367,"href":"https:\/\/tudulinnakultuurikants.ee\/index.php?rest_route=\/wp\/v2\/pages\/1355\/revisions\/1367"}],"wp:attachment":[{"href":"https:\/\/tudulinnakultuurikants.ee\/index.php?rest_route=%2Fwp%2Fv2%2Fmedia&parent=1355"}],"curies":[{"name":"wp","href":"https:\/\/api.w.org\/{rel}","templated":true}]}}