{"id":628,"date":"2019-05-24T15:42:12","date_gmt":"2019-05-24T13:42:12","guid":{"rendered":"https:\/\/tudulinnakirik.planet.ee\/?page_id=628"},"modified":"2019-05-24T15:42:29","modified_gmt":"2019-05-24T13:42:29","slug":"uudised-2-2","status":"publish","type":"page","link":"https:\/\/tudulinnakultuurikants.ee\/?page_id=628","title":{"rendered":"Tudulinna uudised"},"content":{"rendered":"<div id=\"pl-628\"  class=\"panel-layout\" ><div id=\"pg-628-0\"  class=\"panel-grid panel-has-style\" ><div style=\"padding-top: 30px; padding-bottom: 30px; \" class=\"panel-row-style panel-row-style-for-628-0\" ><div id=\"pgc-628-0-0\"  class=\"panel-grid-cell\" ><div id=\"panel-628-0-0-0\" class=\"so-panel widget widget_sow-editor panel-first-child\" data-index=\"0\" ><div\n\t\t\t\n\t\t\tclass=\"so-widget-sow-editor so-widget-sow-editor-base\"\n\t\t\t\n\t\t>\n<div class=\"siteorigin-widget-tinymce textwidget\">\n\t<p>Siit leiad v\u00e4rske info Tudulinnas toimuva kohta.<\/p>\n<\/div>\n<\/div><\/div><div id=\"panel-628-0-0-1\" class=\"so-panel widget widget_ink-blog panel-last-child\" data-index=\"1\" ><div\n\t\t\t\n\t\t\tclass=\"so-widget-ink-blog so-widget-ink-blog-thumb-none-fe63ec7b6d86-628\"\n\t\t\t\n\t\t>\n\n\n\t<div class=\"iw-so-blog\">\n\n\t\t<div id=\"my-ajax-blog-widget\">\n\n\t\t\t<div class=\"iw-so-blog-container iw-so-blog-equal-height\">\n\n\t\t\t\t\n\t\t\t\t\t<div class=\"iw-so-article iw-so-no-thumb iw-so-blog-one-column iw-so-last-col\">\n\n\t\t\t\t\t\t<div class=\"iw-so-article-content\">\n\n\t\t\t\t\t\t\t\n\t\t\t\t\t\t\t\n\t\t\t\t\t\t\t<h2 class=\"iw-so-article-title iw-text-left\">\n\t\t\t\t\t\t\t\t<a href=\"https:\/\/tudulinnakultuurikants.ee\/?p=5992\">\t\t\t\t\t\t\t\t\tSaja aasta lood Tudulinnast. Aprill 1926\t\t\t\t\t\t\t\t<\/a>\t\t\t\t\t\t\t<\/h2>\n\n\t\t\t\t\t\t\t\n\t\t\t\t\t\t\t\t<p class=\"iw-so-article-byline-below iw-text-left\">\n\t\t\t\t\t\t\t\t\t24.04.2026\t\t\t\t\t\t\t\t<\/p>\n\n\t\t\t\t\t\t\t\n\t\t\t\t\t\t\t\n\t\t\t\t\t\t\t\t<div class=\"iw-so-article-full\">\n\t\t\t\t\t\t\t\t\t<p><span style=\"color: #993300;\"><em>Kui t\u00e4navu on kevad olnud p\u00e4ikeseline ja kuiv, siis sajandi eest ilmselt nii ei olnud. Talv oli veninud pikale, lund oli rohkesti ja see t\u00f5i kevadel endaga kaasa suurejooneline j\u00e4\u00e4mineku Eestimaa j\u00f5gedel. Virumaal j\u00f5udis see aeg k\u00e4tte alles aprillikuu l\u00f5pupoole.\u00a0<\/em><\/span><\/p>\n<p><span style=\"color: #993300;\"><em>Aga kui ta kord tuli, hakkas kohe juhtuma!<\/em><\/span><\/p>\n<p><span style=\"color: #993300;\"><em>Tudulinna v\u00e4simatul kirjasaatjal <strong>Paul Ameril<\/strong> oli p\u00f5hjust ajalehtedele v\u00e4rvikaid kaast\u00f6id saata, mis kohe ka avaldamist leidsid.\u00a0<\/em><\/span><\/p>\n<h2><span style=\"color: #0000ff;\"><strong>Tudolinnas<\/strong>\u00a0j\u00e4\u00e4 weskitammi l\u00f5hkunud ja osa silda \u00e4rawiinud.<\/span><\/h2>\n<p>Juba kauemat aega s\u00fcnnitas kartust kohalikkudele elanikkudele Tudulinna k\u00fcla juures asuw endine m\u00f5isa sild \u00fches weski tammiga, sest wiimastel aastatel oli sild niiw\u00f5rd wiletsasse seisukorda j\u00e4\u00e4nud, et inimesed hobustega \u00fclek\u00e4igul alal\u00f5pmata hirmu tundsid, kuna jalgsi k\u00e4ijatel enamw\u00e4hem julgem oli. Kardeti igal kewadel j\u00e4\u00e4 minekut, mis suurwee ajal s\u00fcnnib, sest igal silmapilgul w\u00f5is ju looduse j\u00f5ud silla enesega \u00fches wiia ja alaliselt tarwitatawa \u00fchenduse katkestada.<\/p>\n<p>21. skp. hommikul hakkas wesi tundawalt t\u00f5usma ning \u00f5htuks oli weewoog niiw\u00f5rd tugew, et j\u00f5es olew j\u00e4\u00e4, mis osalt 1\u20141 1\/2 ars. paksune oli, kiwist ehitatud aluskasti maha l\u00f5hkus ja \u00fche osa silda \u00e4ra wiis. Paljud juuresolijad j\u00e4id teine poole j\u00f5ge ning neid tuli p\u00e4rast suure waewaga paadil \u00fcle j\u00f5e toimetada. Peab t\u00e4hendama, et nimetatud sild kauemat aega suuremat remonti tarwitas. ja mitmel teede rewideevimisel tema \u00fcle akt kokku seati ning wastawale asutusele esitati silla kordaseadmiseks, kuid seniajani ei ilmunud kahjuks parandajat ega korraldajat. N\u00fc\u00fcd tegi wesi oma korralduse olgugi, et insener paaril korral silla seisukorda rewideeris ja tammi j\u00f5udu mitmek\u00fcmne hobuse j\u00f5u peale hindas. Et w\u00e4ike Tudolinna wald silda omal j\u00f5ul \u00e4raparandada ei j\u00f5ua, on kohalikkude elanikkude seisukord kaunis t\u00e4bar.<\/p>\n<p><span style=\"color: #0000ff;\"><em>(Virumaa Teataja (1925-1944), nr. 32, 30 aprill 1926)<\/em><\/span><\/p>\n<p><img loading=\"lazy\" decoding=\"async\" class=\"alignnone size-large wp-image-5994\" src=\"https:\/\/tudulinnakultuurikants.ee\/wp-content\/uploads\/2026\/04\/Tudulinna-jogi-ja-moisa-vana-veski-1-1024x620.jpg\" alt=\"\" width=\"1024\" height=\"620\" srcset=\"https:\/\/tudulinnakultuurikants.ee\/wp-content\/uploads\/2026\/04\/Tudulinna-jogi-ja-moisa-vana-veski-1-1024x620.jpg 1024w, https:\/\/tudulinnakultuurikants.ee\/wp-content\/uploads\/2026\/04\/Tudulinna-jogi-ja-moisa-vana-veski-1-300x182.jpg 300w, https:\/\/tudulinnakultuurikants.ee\/wp-content\/uploads\/2026\/04\/Tudulinna-jogi-ja-moisa-vana-veski-1-768x465.jpg 768w, https:\/\/tudulinnakultuurikants.ee\/wp-content\/uploads\/2026\/04\/Tudulinna-jogi-ja-moisa-vana-veski-1-1536x930.jpg 1536w, https:\/\/tudulinnakultuurikants.ee\/wp-content\/uploads\/2026\/04\/Tudulinna-jogi-ja-moisa-vana-veski-1-2048x1241.jpg 2048w, https:\/\/tudulinnakultuurikants.ee\/wp-content\/uploads\/2026\/04\/Tudulinna-jogi-ja-moisa-vana-veski-1-710x430.jpg 710w\" sizes=\"auto, (max-width: 1024px) 100vw, 1024px\" \/> <span style=\"color: #008000;\"><strong><em>\u00dcks vanemaid fotosid Tudulinna sillast, taamal endine m\u00f5isa veski<\/em><\/strong><\/span><\/p>\n<h2><span style=\"color: #0000ff;\">J\u00e4\u00e4minek Tudulinnas. <\/span><span style=\"color: #0000ff;\">Suurem sild ohwriks.<\/span><\/h2>\n<p>Wiimastei p\u00e4ewadel walitsenud soojade ilmade m\u00f5jul t\u00e4itusid ojad ja j\u00f5ed \u00e4kki rohke weega, mille tagaj\u00e4rjel j\u00e4\u00e4 j\u00f5gedes liikuma p\u00e4\u00e4sis, tekitades haruldaselt suuri j\u00e4\u00e4murdusid takistuste kohtadele. W\u00e4iksemad sillad pidid endid looduse j\u00f5ule peatselt alla andma, mis need purustatult \u00fches j\u00e4\u00e4dega alla kandis. Kuid weepais j\u00e4\u00e4murdude taga oli niiw\u00f5rd tugew, et suuremadki sillad h\u00e4daohu ees w\u00e4etikestena tundusid.<\/p>\n<p>Nii h\u00e4witas silmapilguga suur j\u00e4\u00e4murd Tudulinnas Ranna-Pungerja j\u00f5el\u00a0<strong>Tudulinna<\/strong>\u00a0end. m\u00f5isa weski juures olewa suurema silla, purustades keskmise sillaosa t\u00e4ielikult, \u00fchendus suurel osal walla rahwal on keskpunktiga t\u00e4ielikult katkestatud, samuti Tudulinna-lisaku otse\u00fchendus, mis \u00e4\u00e4rmiselt wajaduslik. Olgu t\u00e4hendatud, et w\u00f5rdlemisi suur osa p\u00f5llupidajaid, kes\u00a0<strong>Tudulinna<\/strong>\u00a0piima\u00fchisusesse piima toowad, teisel pool j\u00f5ge asuwad, n\u00fc\u00fcd on ka meierei neile k\u00e4ttesaamatu. \u00dcldse oli sild laialt tarwitataw. kuna\u00a0<strong>Tudulinna<\/strong>\u00a0M\u00f5isak\u00fcla asundustalud terwena teiselpool j\u00f5ge on ja side\u00a0<strong>Tudulinna<\/strong>\u00a0k\u00fclaga silla kaudu s\u00fcndis. Peatsed korraldused walla- ning maakonnawalitsuse poolt uue silla ehitamiseks on h\u00e4dawajalikud. P. A.<\/p>\n<p><span style=\"color: #000080;\"><em>(P\u00e4ewaleht, nr. 112, 27 aprill 1926)<\/em><\/span><\/p>\n<p><img loading=\"lazy\" decoding=\"async\" class=\"alignnone size-large wp-image-5993\" src=\"https:\/\/tudulinnakultuurikants.ee\/wp-content\/uploads\/2026\/04\/Sild-Tudulinna-joel-1-725x1024.jpg\" alt=\"\" width=\"725\" height=\"1024\" srcset=\"https:\/\/tudulinnakultuurikants.ee\/wp-content\/uploads\/2026\/04\/Sild-Tudulinna-joel-1-725x1024.jpg 725w, https:\/\/tudulinnakultuurikants.ee\/wp-content\/uploads\/2026\/04\/Sild-Tudulinna-joel-1-212x300.jpg 212w, https:\/\/tudulinnakultuurikants.ee\/wp-content\/uploads\/2026\/04\/Sild-Tudulinna-joel-1-768x1085.jpg 768w, https:\/\/tudulinnakultuurikants.ee\/wp-content\/uploads\/2026\/04\/Sild-Tudulinna-joel-1-1087x1536.jpg 1087w, https:\/\/tudulinnakultuurikants.ee\/wp-content\/uploads\/2026\/04\/Sild-Tudulinna-joel-1-1449x2048.jpg 1449w, https:\/\/tudulinnakultuurikants.ee\/wp-content\/uploads\/2026\/04\/Sild-Tudulinna-joel-1-710x1004.jpg 710w, https:\/\/tudulinnakultuurikants.ee\/wp-content\/uploads\/2026\/04\/Sild-Tudulinna-joel-1-scaled.jpg 1811w\" sizes=\"auto, (max-width: 725px) 100vw, 725px\" \/><\/p>\n<h2><span style=\"color: #0000ff;\">J\u00e4\u00e4 l\u00e4heb&#8230;ja wiib.\u00a0<\/span><span style=\"color: #0000ff;\">J\u00f5gede sillad Peipsi poole r\u00e4ndamas.<\/span><\/h2>\n<p>\u00c4kilised soojad ilmad sulatasid lume suure kiirusega, mille tagaj\u00e4rjel j\u00f5ed ja ojad silmapilkselt rohke weega t\u00e4itusid. Nii p\u00e4\u00e4ses j\u00e4\u00e4 ootamatult ruttu liikuma. V\u00e4iksemad sillad ning trummid kergitas wesi \u00fcles ning wiis \u00fches j\u00e4\u00e4ga kaasa. Aidata polnud midagi \u2014 loodusj\u00f5ud oli liig tugew.<\/p>\n<p>Ranna-Pungerja j\u00f5el tekkis\u00a0<strong>Tudulinna<\/strong>\u00a0m\u00f5isa silla kohale suur j\u00e4\u00e4murd. kusjuures see silla alt l\u00e4bi minema ei p\u00e4\u00e4senud. Wesi j\u00e4\u00e4murru taga t\u00f5usis kohutawa kiirusega. \u00dclalpool asuw j\u00f5eosa muutus j\u00e4rwetaoliseks, kus kerkisid \u00fcles m\u00e4\u00e4ratu suured j\u00e4\u00e4kuhjad. Wanapoolne sild wabises ja m\u00f5ne silmapilgu j\u00e4rele n\u00f5rkes la tugewa paisu ees. Silla osad kanti \u00fches j\u00e4\u00e4ga. Peipsi poole&#8230; Silla h\u00e4winemisega on suurele osale walla rahwale \u00fchendus keskpunktiga \u2014\u00a0<strong>Tudulinna<\/strong>\u00a0k\u00fclaga \u2014 katkestatud. Samuti on \u00e4ra l\u00f5igatud t\u00e4htis Tudulinna-Iisaku otse\u00fchendus. Suur osa\u00a0<strong>Tudulinna<\/strong>\u00a0p\u00f5llupidajaid. kaasa arwatud k\u00f5ik M\u00f5isak\u00fcla asunikud, kes\u00a0<strong>Tudulinna<\/strong>\u00a0piima\u00fchisusse piima toowad, on n\u00fc\u00fcd meiereist eraldatud. Peatsed korraldused walla- ning maakonnawalitsuse poolt uue silla ehitamiseks on h\u00e4datarwilikud. P. A.<\/p>\n<p><span style=\"color: #0000ff;\"><em>(Maa (1926-1929), 27 aprill 1926)<\/em><\/span><\/p>\n<p><img loading=\"lazy\" decoding=\"async\" class=\"alignnone size-large wp-image-5995\" src=\"https:\/\/tudulinnakultuurikants.ee\/wp-content\/uploads\/2026\/04\/Tudulinna-sild-ja-meierei_edited.jpg\" alt=\"\" width=\"516\" height=\"373\" srcset=\"https:\/\/tudulinnakultuurikants.ee\/wp-content\/uploads\/2026\/04\/Tudulinna-sild-ja-meierei_edited.jpg 516w, https:\/\/tudulinnakultuurikants.ee\/wp-content\/uploads\/2026\/04\/Tudulinna-sild-ja-meierei_edited-300x217.jpg 300w\" sizes=\"auto, (max-width: 516px) 100vw, 516px\" \/><\/p>\n<p><span style=\"color: #008000;\"><strong><em>Tudulinna sild ja meierei<\/em><\/strong><\/span><\/p>\n\t\t\t\t\t\t\t\t<\/div>\n\n\t\t\t\t\t\t\t\n\t\t\t\t\t\t\t\n\t\t\t\t\t\t\t\n\t\t\t\t\t\t\t\t<div class=\"iw-so-article-button\">\n\t\t\t\t\t\t\t\t\t<a class=\"iw-so-article-btn iw-so-article-btn-hover iw-so-article-btn-click\" href=\"https:\/\/tudulinnakultuurikants.ee\/?p=5992\">\n\t\t\t\t\t\t\t\t\t\tLoe l\u00e4hemalt\t\t\t\t\t\t\t\t\t<\/a>\n\t\t\t\t\t\t\t\t<\/div>\n\n\t\t\t\t\t\t\t\n\t\t\t\t\t\t<\/div>\n\n\t\t\t\t\t<\/div>\n\n\t\t\t\t\t\n\t\t\t\t\n\t\t\t\t\t<div class=\"iw-so-article iw-so-no-thumb iw-so-blog-one-column iw-so-last-col\">\n\n\t\t\t\t\t\t<div class=\"iw-so-article-content\">\n\n\t\t\t\t\t\t\t\n\t\t\t\t\t\t\t\n\t\t\t\t\t\t\t<h2 class=\"iw-so-article-title iw-text-left\">\n\t\t\t\t\t\t\t\t<a href=\"https:\/\/tudulinnakultuurikants.ee\/?p=5970\">\t\t\t\t\t\t\t\t\tSaja aasta lood Tudulinnast. Jaanuar 1926\t\t\t\t\t\t\t\t<\/a>\t\t\t\t\t\t\t<\/h2>\n\n\t\t\t\t\t\t\t\n\t\t\t\t\t\t\t\t<p class=\"iw-so-article-byline-below iw-text-left\">\n\t\t\t\t\t\t\t\t\t22.01.2026\t\t\t\t\t\t\t\t<\/p>\n\n\t\t\t\t\t\t\t\n\t\t\t\t\t\t\t\n\t\t\t\t\t\t\t\t<div class=\"iw-so-article-full\">\n\t\t\t\t\t\t\t\t\t<h1><strong>WARGAJAHT\u00a0 \u00a0TUDULINNAS<\/strong><\/h1>\n<h2><span style=\"color: #993366;\">T\u00e4pselt sajandi eest kees hoolimata k\u00fclmast talvest elu Tudulinnas t\u00e4istuuridel. Palju tegevust, k\u00f5ne- ja kirjutamisainet andis nn usut\u00fcli, mis kogus j\u00e4rjest hoogu. Aga mitte ainult!\u00a0 Olgu siinkohal toodud k\u00f5ikidele krimis\u00f5pradele \u00fcks p\u00f6\u00f6rane t\u00f5estis\u00fcndinud lugu 1926. aasta lumisest jaanuarikuust. \u00d6\u00f6pimeduse varjus hargnes allj\u00e4rgnev v\u00e4rvikas s\u00fcndmusteahel, kust ei puudu tagaajamised, revolvripaugud jms.\u00a0 Nii kajastas seda 30. jaanuari &#8220;Postimees&#8221;:\u00a0<\/span><\/h2>\n<p>&nbsp;<\/p>\n<h1><strong><img loading=\"lazy\" decoding=\"async\" class=\"alignnone size-full wp-image-5978\" src=\"https:\/\/tudulinnakultuurikants.ee\/wp-content\/uploads\/2026\/01\/Screenshot-2026-01-22-173524.jpg\" alt=\"\" width=\"894\" height=\"148\" srcset=\"https:\/\/tudulinnakultuurikants.ee\/wp-content\/uploads\/2026\/01\/Screenshot-2026-01-22-173524.jpg 894w, https:\/\/tudulinnakultuurikants.ee\/wp-content\/uploads\/2026\/01\/Screenshot-2026-01-22-173524-300x50.jpg 300w, https:\/\/tudulinnakultuurikants.ee\/wp-content\/uploads\/2026\/01\/Screenshot-2026-01-22-173524-768x127.jpg 768w, https:\/\/tudulinnakultuurikants.ee\/wp-content\/uploads\/2026\/01\/Screenshot-2026-01-22-173524-710x118.jpg 710w\" sizes=\"auto, (max-width: 894px) 100vw, 894px\" \/><\/strong><\/h1>\n<h3><strong>Wargus \u00fchel \u00f6\u00f6l neljas kohas. Kaks warast tabatud, \u00fcks p\u00f5genenud. Warastatud kraam katte saadud.<\/strong><\/h3>\n<p>\u00d6\u00f6l wastu 26 jaan. pandi toime Tudulinnas mitu wargust, mis aga hommikul k\u00f5ik juba avalikuks olid tehtud, kraam k\u00e4tte saadud ning wargad tabatud.<\/p>\n<p>S\u00fcndmus arenes j\u00e4rgmiselt: \u00d6\u00f6sel kella 2 ajal n\u00e4gi \u201eHaraka\u201c talu peremees J. Waas w\u00e4lja tulles, et aidast kaks meest w\u00e4lja tulid ja teda n\u00e4hes p\u00f5genema pistsid. Aita waatama minnes selgus, et \u00e4ra oli wiidud k\u00f5ik k\u00e4ttesaadawamad w\u00e4\u00e4rtuslikumad asjad, kasukad, pargitud nahad, pesu jne. Kohe jooksis peremees naabri tallu abi otsima waraste tabamiseks. Seal rakendati kohe hobune ja s\u00f5ideti kolme mehega warastele j\u00e4lgi m\u00f6\u00f6da j\u00e4rele. Vargad olid hobusega olnud, mida tunnistasid w\u00e4rsked j\u00e4ljed, kuna lund w\u00e4hehaawal peale sadas. J\u00e4lgi m\u00f6\u00f6da Tudulinna k\u00fclani j\u00f5udes, teatati seal asjast kohe politsei raioon\u00fclemale, kes silmapilk kaasa s\u00f5itis.<\/p>\n<p>Tudulinna k\u00fclast lisaku poole w\u00e4lja s\u00f5ites m\u00e4rkasid tagaajajad J. Wisnapuu maja juures hobust reega, mille \u00fcmber inimesed askeldasid. Tagaajajaid sllmates, tormati \u00f5uest hobusega \u00e4kitselt w\u00e4lja, kuid raiooni\u00fclem Koll j\u00f5udis ette ning n\u00f5udis seismaj\u00e4\u00e4mist, mille j\u00e4rele pealolijad reest maha h\u00fcppasid ning jooksu pistsid, lastes rewolwrist raiooni\u00fclema peale. \u00d6\u00f6pimeduse t\u00f5ttu \u00f5nNestuski kahel p\u00f5geneda, kuna \u00fcks raiooni\u00fclema poolt kinni w\u00f5eti. Varastatud kraam oli koormas ja seda oli kena kogu. N\u00fc\u00fcd selgus, et kinniw\u00f5etu oli Lohusuu walla kodanik Ostvald Kukk, kes warguse p\u00e4rast pikemat aega juba kinni istunud oli. \u00a0Kukk r\u00e4\u00e4kis \u00e4ra, kuidas tegutseti ning kes olid kaaslased.<\/p>\n<h4><strong><img loading=\"lazy\" decoding=\"async\" class=\"alignnone size-full wp-image-5971\" src=\"https:\/\/tudulinnakultuurikants.ee\/wp-content\/uploads\/2026\/01\/Talvine-Tudulinn.jpg\" alt=\"\" width=\"1024\" height=\"760\" srcset=\"https:\/\/tudulinnakultuurikants.ee\/wp-content\/uploads\/2026\/01\/Talvine-Tudulinn.jpg 1024w, https:\/\/tudulinnakultuurikants.ee\/wp-content\/uploads\/2026\/01\/Talvine-Tudulinn-300x223.jpg 300w, https:\/\/tudulinnakultuurikants.ee\/wp-content\/uploads\/2026\/01\/Talvine-Tudulinn-768x570.jpg 768w, https:\/\/tudulinnakultuurikants.ee\/wp-content\/uploads\/2026\/01\/Talvine-Tudulinn-710x527.jpg 710w\" sizes=\"auto, (max-width: 1024px) 100vw, 1024px\" \/><\/strong><\/h4>\n<p><strong><em>FOTOL: TALVISE TUDULINNA PILT IISAKU KIHELKONNAMUUSEUMI KOGUST<\/em><\/strong><\/p>\n<p>Eelmisel \u00f5htul, kella 11 ajal s\u00f5itnud nemad kolmekesi, nimelt Lohusuu walla kodanit Bernhard Oja, kes politsei poolt tagaotsitaw, Awinurme walla kodanik Hugo Willemson ja tema, Willemsoni juurest \u00c4nniksaare k\u00fclast w\u00e4lja, et Tudulinnas wargust toime panna. K\u00f5igepealt peatati \u201eInju\u201c talus, kust kaasa w\u00f5eti hobuseriistad, sealt s\u00f5ideti \u201eWahe\u201c tallu, kus hobune talli aiast juba w\u00e4lja toodi, \u00e4kitselt aga hobuse warastamise n\u00f5u millegi p\u00e4rast katki j\u00e4i ning \u00e4ra tuldi. Edast mindi \u201eLugav\u00e4lja&#8221; talusse, kus elumajast natuke eemal asuwasse tuuleweskisse sisse murti ja sealt nisukott \u00fches w\u00f5eti. J\u00e4rgmine ja ka wiimane wargus oligi \u201eHaraka&#8221; talus, kus peremees peale sattus. Kraamiga s\u00f5ldeti siis Visnapuu juure, kus osa kraami juba maha pandi, enne kui tabamine s\u00fcndis. Politsei poolt pandi Visnapuu juures l\u00e4biotsimine toime, kuid \u00f6\u00f6sise aja t\u00f5ttu ei saadud esialgu k\u00e4tte midagi. Visnapuu aga \u00fches Kukk&#8217;ega toodi Tudulinna wallamaija trellide taha. Kahe p\u00f5genenud warga tabamiseks aeti kaitseliit jalule, \u00fcks neist, Willemson, saadigi teel kodu poole k\u00e4tte, kuna Oja otsimine tagaj\u00e4rgi ei annud, sest mahasadanud lumi segas j\u00e4ljed. Willemson toimetati samuti vallamajasse, kus k\u00f5ik \u00fcle kuulati ja hiljem J\u00f5hwi edasi saadeti.<\/p>\n<p>(P\u00e4ewaleht, nr. 29, 30 jaanuar 1926)<\/p>\n<p>&nbsp;<\/p>\n<p>&nbsp;<\/p>\n\t\t\t\t\t\t\t\t<\/div>\n\n\t\t\t\t\t\t\t\n\t\t\t\t\t\t\t\n\t\t\t\t\t\t\t\n\t\t\t\t\t\t\t\t<div class=\"iw-so-article-button\">\n\t\t\t\t\t\t\t\t\t<a class=\"iw-so-article-btn iw-so-article-btn-hover iw-so-article-btn-click\" href=\"https:\/\/tudulinnakultuurikants.ee\/?p=5970\">\n\t\t\t\t\t\t\t\t\t\tLoe l\u00e4hemalt\t\t\t\t\t\t\t\t\t<\/a>\n\t\t\t\t\t\t\t\t<\/div>\n\n\t\t\t\t\t\t\t\n\t\t\t\t\t\t<\/div>\n\n\t\t\t\t\t<\/div>\n\n\t\t\t\t\t\n\t\t\t\t\n\t\t\t\t\t<div class=\"iw-so-article iw-so-no-thumb iw-so-blog-one-column iw-so-last-col\">\n\n\t\t\t\t\t\t<div class=\"iw-so-article-content\">\n\n\t\t\t\t\t\t\t\n\t\t\t\t\t\t\t\n\t\t\t\t\t\t\t<h2 class=\"iw-so-article-title iw-text-left\">\n\t\t\t\t\t\t\t\t<a href=\"https:\/\/tudulinnakultuurikants.ee\/?p=5910\">\t\t\t\t\t\t\t\t\tKauaoodatud Tudulinna ajalooraamat on ilmunud!\t\t\t\t\t\t\t\t<\/a>\t\t\t\t\t\t\t<\/h2>\n\n\t\t\t\t\t\t\t\n\t\t\t\t\t\t\t\t<p class=\"iw-so-article-byline-below iw-text-left\">\n\t\t\t\t\t\t\t\t\t13.01.2026\t\t\t\t\t\t\t\t<\/p>\n\n\t\t\t\t\t\t\t\n\t\t\t\t\t\t\t\n\t\t\t\t\t\t\t\t<div class=\"iw-so-article-full\">\n\t\t\t\t\t\t\t\t\t<h2>Tudulinna Raamat Aasta v\u00e4\u00e4rika l\u00f5pu m\u00e4rkimiseks ilmus kauaoodatud raamat! M\u00f6ldri talust p\u00e4rit kodu-uurija <span style=\"color: #339966;\">Elsa Karbi &#8220;M\u00f5nda Tudulinna minevikust ja inimestest&#8221;<\/span> j\u00f5udis esmakordselt lugejateni juba 1978. aastal.<\/h2>\n<h3>Arvestades tolleaegseid tingimusi\u00a0 sai see levida \u00fcksnes piiratud koguses. Kaugeltki k\u00f5ik asjahuvilised tudulinlased ei saanud raamatut siis endale soetada; paljud ei p\u00e4\u00e4senud seda \u00fcldse lugemagi. Ajad olid sellised.<\/h3>\n<h3>Ometi on tegu Tudulinna esimese ajaloo-kroonikaga, mis pani aluse k\u00f5ikidele j\u00e4rgnevatel k\u00fcmnenditel koostatud koduloolistele uurimust\u00f6\u00f6dele. Oma tagasihoidlikult j\u00e4rjekindlas stiilis juhib autor lugeja l\u00e4bi sajandite andes p\u00f5hjaliku \u00fclevaate Tudulinna taluelust, m\u00f5isa ja kl\u00fcla vahekordadest, hingeloenditest, koolitegevusest ning kultuurielust. Muidugi ei j\u00e4\u00e4 kirjeldamata ka legendaarne usut\u00fcli koos muu kirikuajalooga &#8211; nii palju kui n\u00f5ukaajal sellele teemale t\u00e4helepanu p\u00f6\u00f6rata \u00fcldse sai.<\/h3>\n<h3><span style=\"color: #0000ff;\">N\u00fc\u00fcd on see raamat uustr\u00fckina MT\u00dc Tudulinna Kultuurikantsi poolt v\u00e4lja antud! K\u00f5igil asjahuvilistel palume v\u00f5tta meiega \u00fchendust!<\/span><\/h3>\n<h3>Raamatuid saab kiiresti k\u00e4tte nii Tudulinnas kui Tallinnas. Mujale Eestisse saame postiga saata.<\/h3>\n<p><img loading=\"lazy\" decoding=\"async\" class=\"alignnone wp-image-5911\" src=\"https:\/\/tudulinnakultuurikants.ee\/wp-content\/uploads\/2026\/01\/20260105_193737-683x1024.jpg\" alt=\"\" width=\"397\" height=\"595\" srcset=\"https:\/\/tudulinnakultuurikants.ee\/wp-content\/uploads\/2026\/01\/20260105_193737-683x1024.jpg 683w, https:\/\/tudulinnakultuurikants.ee\/wp-content\/uploads\/2026\/01\/20260105_193737-200x300.jpg 200w, https:\/\/tudulinnakultuurikants.ee\/wp-content\/uploads\/2026\/01\/20260105_193737-768x1152.jpg 768w, https:\/\/tudulinnakultuurikants.ee\/wp-content\/uploads\/2026\/01\/20260105_193737-1024x1536.jpg 1024w, https:\/\/tudulinnakultuurikants.ee\/wp-content\/uploads\/2026\/01\/20260105_193737-1365x2048.jpg 1365w, https:\/\/tudulinnakultuurikants.ee\/wp-content\/uploads\/2026\/01\/20260105_193737-710x1065.jpg 710w, https:\/\/tudulinnakultuurikants.ee\/wp-content\/uploads\/2026\/01\/20260105_193737-scaled.jpg 1707w\" sizes=\"auto, (max-width: 397px) 100vw, 397px\" \/><\/p>\n\t\t\t\t\t\t\t\t<\/div>\n\n\t\t\t\t\t\t\t\n\t\t\t\t\t\t\t\n\t\t\t\t\t\t\t\n\t\t\t\t\t\t\t\t<div class=\"iw-so-article-button\">\n\t\t\t\t\t\t\t\t\t<a class=\"iw-so-article-btn iw-so-article-btn-hover iw-so-article-btn-click\" href=\"https:\/\/tudulinnakultuurikants.ee\/?p=5910\">\n\t\t\t\t\t\t\t\t\t\tLoe l\u00e4hemalt\t\t\t\t\t\t\t\t\t<\/a>\n\t\t\t\t\t\t\t\t<\/div>\n\n\t\t\t\t\t\t\t\n\t\t\t\t\t\t<\/div>\n\n\t\t\t\t\t<\/div>\n\n\t\t\t\t\t\n\t\t\t\t\n\t\t\t\t\t<div class=\"iw-so-article iw-so-no-thumb iw-so-blog-one-column iw-so-last-col\">\n\n\t\t\t\t\t\t<div class=\"iw-so-article-content\">\n\n\t\t\t\t\t\t\t\n\t\t\t\t\t\t\t\n\t\t\t\t\t\t\t<h2 class=\"iw-so-article-title iw-text-left\">\n\t\t\t\t\t\t\t\t<a href=\"https:\/\/tudulinnakultuurikants.ee\/?p=5859\">\t\t\t\t\t\t\t\t\tAvatud on Tudulinna legendaarse kroonikaraamatu ettetellimine!\t\t\t\t\t\t\t\t<\/a>\t\t\t\t\t\t\t<\/h2>\n\n\t\t\t\t\t\t\t\n\t\t\t\t\t\t\t\t<p class=\"iw-so-article-byline-below iw-text-left\">\n\t\t\t\t\t\t\t\t\t18.09.2025\t\t\t\t\t\t\t\t<\/p>\n\n\t\t\t\t\t\t\t\n\t\t\t\t\t\t\t\n\t\t\t\t\t\t\t\t<div class=\"iw-so-article-full\">\n\t\t\t\t\t\t\t\t\t<p>1978. aastal ilmus v\u00e4ikeses tiraa\u017eis Tudulinna M\u00f6ldri talust p\u00e4rit Elsa Karbi (neiuna Pikhof) raamat <strong>&#8220;M\u00f5nda Tudulinna minevikust ja inimestest&#8221;<\/strong>. Rahvasuus sai ta nimeks <strong>Tudulinna Kroonika<\/strong>, sest k\u00e4sitleb oma lehek\u00fclgedel p\u00f5hjalikult kodukandi ajalugu, koolielu, kultuuris\u00fcndmusi ning tutvustab paljusid ammu meie seast lahkunud v\u00e4\u00e4rikaid tudulinlasi.<\/p>\n<p>Sellest raamatust sai alguse Tudulinna-teemalise kirjanduse areng. On \u00fclim aeg see teos uuesti lugejate ette tuua!<\/p>\n<p>MT\u00dc Tudulinna Kultuurikants on juba nimetatud raamatu uustr\u00fcki ette valmistanud! Tahame l\u00e4hikuudel selle tr\u00fckki anda. Just n\u00fc\u00fcd on <strong>suurep\u00e4rane v\u00f5imalus k\u00f5ikidel tudulinlastel,<\/strong> kes oma kodukandi ajaloost, oma esivanematest ja juurtest on huvitatud, anda endast m\u00e4rku ja <strong>teatada oma soovist see raamat saada<\/strong>! K\u00f5ige lihtsam on enda soovist teada anda kas:<\/p>\n<ul>\n<li>e-kirja teel andres@tudulinnakultuurikants.ee,<\/li>\n<li>v\u00f5i Tudulinna Kultuurikantsi Facebooki lehel<\/li>\n<li>v\u00f5i Tudulinna Raamatukogus, kus on samuti ettetellimislehed.<\/li>\n<\/ul>\n<p><strong>NB! Enda soovist teada andmine ei kohusta raamatut v\u00e4lja ostma<\/strong>! See on vaid meile infoks, et vajalik arv eksemplare tr\u00fckkida lasta! Mida rohkem asjahuvilisi, seda odavam tuleb \u00fche raamatu hind!<\/p>\n<p><a href=\"https:\/\/tudulinnakultuurikants.ee\/?page_id=5672\">Elsa Karp: \u201cM\u00f5nda Tudulinna minevikust ja inimestest\u201d<\/a><\/p>\n\t\t\t\t\t\t\t\t<\/div>\n\n\t\t\t\t\t\t\t\n\t\t\t\t\t\t\t\n\t\t\t\t\t\t\t\n\t\t\t\t\t\t\t\t<div class=\"iw-so-article-button\">\n\t\t\t\t\t\t\t\t\t<a class=\"iw-so-article-btn iw-so-article-btn-hover iw-so-article-btn-click\" href=\"https:\/\/tudulinnakultuurikants.ee\/?p=5859\">\n\t\t\t\t\t\t\t\t\t\tLoe l\u00e4hemalt\t\t\t\t\t\t\t\t\t<\/a>\n\t\t\t\t\t\t\t\t<\/div>\n\n\t\t\t\t\t\t\t\n\t\t\t\t\t\t<\/div>\n\n\t\t\t\t\t<\/div>\n\n\t\t\t\t\t\n\t\t\t\t\n\t\t\t\t\t<div class=\"iw-so-article iw-so-no-thumb iw-so-blog-one-column iw-so-last-col\">\n\n\t\t\t\t\t\t<div class=\"iw-so-article-content\">\n\n\t\t\t\t\t\t\t\n\t\t\t\t\t\t\t\n\t\t\t\t\t\t\t<h2 class=\"iw-so-article-title iw-text-left\">\n\t\t\t\t\t\t\t\t<a href=\"https:\/\/tudulinnakultuurikants.ee\/?p=5853\">\t\t\t\t\t\t\t\t\tAjaloohuvilised tutvusid Tudulinna Linnam\u00e4e ja vanade ehitism\u00e4lestistega\t\t\t\t\t\t\t\t<\/a>\t\t\t\t\t\t\t<\/h2>\n\n\t\t\t\t\t\t\t\n\t\t\t\t\t\t\t\t<p class=\"iw-so-article-byline-below iw-text-left\">\n\t\t\t\t\t\t\t\t\t15.09.2025\t\t\t\t\t\t\t\t<\/p>\n\n\t\t\t\t\t\t\t\n\t\t\t\t\t\t\t\n\t\t\t\t\t\t\t\t<div class=\"iw-so-article-full\">\n\t\t\t\t\t\t\t\t\t<div dir=\"auto\">P\u00fchap\u00e4eval, 14. septembril, osales MT\u00dc Tudulinna Kultuurikants esimest korda \u00fcle-euroopalistel <strong>Muinsuskaitsep\u00e4evadel<\/strong> ja korraldas Tudulinna Linnam\u00e4el v\u00e4ikese <strong>ekskursiooni<\/strong> ajaloop\u00e4randiga tutvumiseks. Retkejuht Andres Meresmaa saatel tutvuti Tudulinna ajaloolise <strong>vana puukirikuga<\/strong> (ehitatud esialgsel kujul juba 1766!), stiilse ja helge <strong>Rahu kirikuga<\/strong> (ehitatud 1939) ning paljudele tudulinlastele leivavilja jahvatanud <strong>M\u00f6ldri talu tuuleveskiga<\/strong> (ehitatud 1892). Asjahuvilisi saabus nii l\u00e4hedalt kui k\u00fcmnete kilomeetrite kauguselt.<\/div>\n<div dir=\"auto\">Tudulinna ehitusm\u00e4lestiste pikk ja rikkalik ajalugu on tundma\u00f5ppimist v\u00e4\u00e4rt!<\/div>\n<div dir=\"auto\"><\/div>\n<div dir=\"auto\"><em>FOTODEL tutvutakse tuuleveski masinav\u00e4rgiga, kuulatakse vana kiriku ehituslugu, imetletakse kaunist Rahu kirikut, mille interj\u00f6\u00f6r on m\u00e4rksa moodsam ja valmisajale iseloomulikum kui v\u00e4lisfassaad. AILI REIMANI ja LAURI V\u00c4INMAA fotod.<\/em><\/div>\n<div dir=\"auto\"><\/div>\n<div dir=\"auto\"><img loading=\"lazy\" decoding=\"async\" class=\"alignnone  wp-image-5854\" src=\"https:\/\/tudulinnakultuurikants.ee\/wp-content\/uploads\/2025\/09\/Tudulinna-ehitusmalestiste-erakordsed-lood.-Lauri-Vainmaa-foto-1-1024x473.jpg\" alt=\"\" width=\"760\" height=\"351\" srcset=\"https:\/\/tudulinnakultuurikants.ee\/wp-content\/uploads\/2025\/09\/Tudulinna-ehitusmalestiste-erakordsed-lood.-Lauri-Vainmaa-foto-1-1024x473.jpg 1024w, https:\/\/tudulinnakultuurikants.ee\/wp-content\/uploads\/2025\/09\/Tudulinna-ehitusmalestiste-erakordsed-lood.-Lauri-Vainmaa-foto-1-300x139.jpg 300w, https:\/\/tudulinnakultuurikants.ee\/wp-content\/uploads\/2025\/09\/Tudulinna-ehitusmalestiste-erakordsed-lood.-Lauri-Vainmaa-foto-1-768x355.jpg 768w, https:\/\/tudulinnakultuurikants.ee\/wp-content\/uploads\/2025\/09\/Tudulinna-ehitusmalestiste-erakordsed-lood.-Lauri-Vainmaa-foto-1-1536x710.jpg 1536w, https:\/\/tudulinnakultuurikants.ee\/wp-content\/uploads\/2025\/09\/Tudulinna-ehitusmalestiste-erakordsed-lood.-Lauri-Vainmaa-foto-1-710x328.jpg 710w, https:\/\/tudulinnakultuurikants.ee\/wp-content\/uploads\/2025\/09\/Tudulinna-ehitusmalestiste-erakordsed-lood.-Lauri-Vainmaa-foto-1.jpg 2048w\" sizes=\"auto, (max-width: 760px) 100vw, 760px\" \/> <img loading=\"lazy\" decoding=\"async\" class=\"alignnone  wp-image-5855\" src=\"https:\/\/tudulinnakultuurikants.ee\/wp-content\/uploads\/2025\/09\/Tudulinna-ehitusmalestiste-erakordsed-lood.-Lauri-Vainmaa-foto-5-1024x473.jpg\" alt=\"\" width=\"764\" height=\"353\" srcset=\"https:\/\/tudulinnakultuurikants.ee\/wp-content\/uploads\/2025\/09\/Tudulinna-ehitusmalestiste-erakordsed-lood.-Lauri-Vainmaa-foto-5-1024x473.jpg 1024w, https:\/\/tudulinnakultuurikants.ee\/wp-content\/uploads\/2025\/09\/Tudulinna-ehitusmalestiste-erakordsed-lood.-Lauri-Vainmaa-foto-5-300x139.jpg 300w, https:\/\/tudulinnakultuurikants.ee\/wp-content\/uploads\/2025\/09\/Tudulinna-ehitusmalestiste-erakordsed-lood.-Lauri-Vainmaa-foto-5-768x355.jpg 768w, https:\/\/tudulinnakultuurikants.ee\/wp-content\/uploads\/2025\/09\/Tudulinna-ehitusmalestiste-erakordsed-lood.-Lauri-Vainmaa-foto-5-1536x710.jpg 1536w, https:\/\/tudulinnakultuurikants.ee\/wp-content\/uploads\/2025\/09\/Tudulinna-ehitusmalestiste-erakordsed-lood.-Lauri-Vainmaa-foto-5-710x328.jpg 710w, https:\/\/tudulinnakultuurikants.ee\/wp-content\/uploads\/2025\/09\/Tudulinna-ehitusmalestiste-erakordsed-lood.-Lauri-Vainmaa-foto-5.jpg 2048w\" sizes=\"auto, (max-width: 764px) 100vw, 764px\" \/> <img loading=\"lazy\" decoding=\"async\" class=\"alignnone  wp-image-5856\" src=\"https:\/\/tudulinnakultuurikants.ee\/wp-content\/uploads\/2025\/09\/Tudulinna-ehitusmalestiste-erakordsed-lood.-Lauri-Vainmaa-foto-10-1024x473.jpg\" alt=\"\" width=\"760\" height=\"351\" srcset=\"https:\/\/tudulinnakultuurikants.ee\/wp-content\/uploads\/2025\/09\/Tudulinna-ehitusmalestiste-erakordsed-lood.-Lauri-Vainmaa-foto-10-1024x473.jpg 1024w, https:\/\/tudulinnakultuurikants.ee\/wp-content\/uploads\/2025\/09\/Tudulinna-ehitusmalestiste-erakordsed-lood.-Lauri-Vainmaa-foto-10-300x139.jpg 300w, https:\/\/tudulinnakultuurikants.ee\/wp-content\/uploads\/2025\/09\/Tudulinna-ehitusmalestiste-erakordsed-lood.-Lauri-Vainmaa-foto-10-768x355.jpg 768w, https:\/\/tudulinnakultuurikants.ee\/wp-content\/uploads\/2025\/09\/Tudulinna-ehitusmalestiste-erakordsed-lood.-Lauri-Vainmaa-foto-10-1536x710.jpg 1536w, https:\/\/tudulinnakultuurikants.ee\/wp-content\/uploads\/2025\/09\/Tudulinna-ehitusmalestiste-erakordsed-lood.-Lauri-Vainmaa-foto-10-710x328.jpg 710w, https:\/\/tudulinnakultuurikants.ee\/wp-content\/uploads\/2025\/09\/Tudulinna-ehitusmalestiste-erakordsed-lood.-Lauri-Vainmaa-foto-10.jpg 2048w\" sizes=\"auto, (max-width: 760px) 100vw, 760px\" \/> <img loading=\"lazy\" decoding=\"async\" class=\"alignnone  wp-image-5857\" src=\"https:\/\/tudulinnakultuurikants.ee\/wp-content\/uploads\/2025\/09\/Tudulinna-ehitusmalestiste-erakordsed-lood.-Lauri-Vainmaa-foto-12-1024x472.jpg\" alt=\"\" width=\"757\" height=\"349\" srcset=\"https:\/\/tudulinnakultuurikants.ee\/wp-content\/uploads\/2025\/09\/Tudulinna-ehitusmalestiste-erakordsed-lood.-Lauri-Vainmaa-foto-12-1024x472.jpg 1024w, https:\/\/tudulinnakultuurikants.ee\/wp-content\/uploads\/2025\/09\/Tudulinna-ehitusmalestiste-erakordsed-lood.-Lauri-Vainmaa-foto-12-300x138.jpg 300w, https:\/\/tudulinnakultuurikants.ee\/wp-content\/uploads\/2025\/09\/Tudulinna-ehitusmalestiste-erakordsed-lood.-Lauri-Vainmaa-foto-12-768x354.jpg 768w, https:\/\/tudulinnakultuurikants.ee\/wp-content\/uploads\/2025\/09\/Tudulinna-ehitusmalestiste-erakordsed-lood.-Lauri-Vainmaa-foto-12-1536x707.jpg 1536w, https:\/\/tudulinnakultuurikants.ee\/wp-content\/uploads\/2025\/09\/Tudulinna-ehitusmalestiste-erakordsed-lood.-Lauri-Vainmaa-foto-12-710x327.jpg 710w, https:\/\/tudulinnakultuurikants.ee\/wp-content\/uploads\/2025\/09\/Tudulinna-ehitusmalestiste-erakordsed-lood.-Lauri-Vainmaa-foto-12.jpg 2048w\" sizes=\"auto, (max-width: 757px) 100vw, 757px\" \/><\/div>\n\t\t\t\t\t\t\t\t<\/div>\n\n\t\t\t\t\t\t\t\n\t\t\t\t\t\t\t\n\t\t\t\t\t\t\t\n\t\t\t\t\t\t\t\t<div class=\"iw-so-article-button\">\n\t\t\t\t\t\t\t\t\t<a class=\"iw-so-article-btn iw-so-article-btn-hover iw-so-article-btn-click\" href=\"https:\/\/tudulinnakultuurikants.ee\/?p=5853\">\n\t\t\t\t\t\t\t\t\t\tLoe l\u00e4hemalt\t\t\t\t\t\t\t\t\t<\/a>\n\t\t\t\t\t\t\t\t<\/div>\n\n\t\t\t\t\t\t\t\n\t\t\t\t\t\t<\/div>\n\n\t\t\t\t\t<\/div>\n\n\t\t\t\t\t\n\t\t\t\t\n\t\t\t\t\t<div class=\"iw-so-article iw-so-no-thumb iw-so-blog-one-column iw-so-last-col\">\n\n\t\t\t\t\t\t<div class=\"iw-so-article-content\">\n\n\t\t\t\t\t\t\t\n\t\t\t\t\t\t\t\n\t\t\t\t\t\t\t<h2 class=\"iw-so-article-title iw-text-left\">\n\t\t\t\t\t\t\t\t<a href=\"https:\/\/tudulinnakultuurikants.ee\/?p=5849\">\t\t\t\t\t\t\t\t\tMuinsuskaitsep\u00e4evade ekskursioon Tudulinna linnam\u00e4el\t\t\t\t\t\t\t\t<\/a>\t\t\t\t\t\t\t<\/h2>\n\n\t\t\t\t\t\t\t\n\t\t\t\t\t\t\t\t<p class=\"iw-so-article-byline-below iw-text-left\">\n\t\t\t\t\t\t\t\t\t27.08.2025\t\t\t\t\t\t\t\t<\/p>\n\n\t\t\t\t\t\t\t\n\t\t\t\t\t\t\t\n\t\t\t\t\t\t\t\t<div class=\"iw-so-article-full\">\n\t\t\t\t\t\t\t\t\t<p>Hea Tudulinna s\u00f5ber!<\/p>\n<p>Kutsume sind Muinsuskaitse p\u00e4evade raames toimuvale <span style=\"color: #0000ff;\"><strong>p\u00f5nevale eksursioonile Tudulinna Linnam\u00e4el,<\/strong><\/span> kus seisavad k\u00f5rvuti kolm unikaalset kaitsealust ehitism\u00e4lestist!<\/p>\n<p><strong>\u201cAken minevikku, uks tulevikku\u201d<\/strong>. T\u00e4navuste Muinsuskaitsep\u00e4evade moto on justkui Tudulinnast inspireerituna loodud. See, mis meie eelk\u00e4ijate poolt tehtud, on aluseks tulevasele loomingule.<\/p>\n<p>Tudulinna on ainus k\u00fcla terves Eestis, kus tegutses korraga kaks luteriusu kogudust, kes omavahel kuidagi l\u00e4bi ei saanud. Nii said k\u00f5rvuti seisma kaks kirikut teenimaks sama Jumalat, kuid vaatasid t\u00e4iesti eri suunda. Aga just t\u00e4nu Tudulinna kangete meeste jonnile on t\u00e4na p\u00f5hjust kokku tulla, meenutada ja imestada:<\/p>\n<ul>\n<li><strong>Vana kiriku<\/strong> saamislugu, k\u00e4ek\u00e4ik, olevik ja tulevikuplaanid;<\/li>\n<li><strong>Rahu kirik<\/strong> \u2013 kerkinud suurest t\u00fclist, Eesti tipparhitekti looming, eriline nii seest kui v\u00e4ljast;<\/li>\n<li><strong>M\u00f6ldri tuuleveski<\/strong> \u2013 Tudulinna ajaloo tumm tunnistaja l\u00e4bi sajandite &#8211; esimene ja viimane omataoliste seas siinkandis.<\/li>\n<li>Lisapalaks uskumatu lugu kustunud vulkaanist!<\/li>\n<\/ul>\n<p>Teejuhtideks avastusretkel Aili Reiman ja Andres Meresmaa.<\/p>\n<p><strong>S\u00fcndmus on tasuta!<\/strong><\/p>\n<p>S\u00fcndmuse korraldaja: MT\u00dc Tudulinna Kultuurikants<\/p>\n<p><span style=\"color: #0000ff;\"><strong>Teisi \u00fcleriigiliste Muinsuskaitsep\u00e4evade s\u00fcndmusi 12-14 septembril vaata siit<\/strong><\/span>: https:\/\/muinsuskaitsepaevad.ee\/kava\/<\/p>\n<p>&nbsp;<\/p>\n<p><img loading=\"lazy\" decoding=\"async\" class=\"alignnone size-large wp-image-5851\" src=\"https:\/\/tudulinnakultuurikants.ee\/wp-content\/uploads\/2025\/08\/Plakat-MUINSUSKAITSEPAEVAD-724x1024.jpg\" alt=\"\" width=\"724\" height=\"1024\" srcset=\"https:\/\/tudulinnakultuurikants.ee\/wp-content\/uploads\/2025\/08\/Plakat-MUINSUSKAITSEPAEVAD-724x1024.jpg 724w, https:\/\/tudulinnakultuurikants.ee\/wp-content\/uploads\/2025\/08\/Plakat-MUINSUSKAITSEPAEVAD-212x300.jpg 212w, https:\/\/tudulinnakultuurikants.ee\/wp-content\/uploads\/2025\/08\/Plakat-MUINSUSKAITSEPAEVAD-768x1086.jpg 768w, https:\/\/tudulinnakultuurikants.ee\/wp-content\/uploads\/2025\/08\/Plakat-MUINSUSKAITSEPAEVAD-1086x1536.jpg 1086w, https:\/\/tudulinnakultuurikants.ee\/wp-content\/uploads\/2025\/08\/Plakat-MUINSUSKAITSEPAEVAD-1448x2048.jpg 1448w, https:\/\/tudulinnakultuurikants.ee\/wp-content\/uploads\/2025\/08\/Plakat-MUINSUSKAITSEPAEVAD-710x1004.jpg 710w, https:\/\/tudulinnakultuurikants.ee\/wp-content\/uploads\/2025\/08\/Plakat-MUINSUSKAITSEPAEVAD-scaled.jpg 1810w\" sizes=\"auto, (max-width: 724px) 100vw, 724px\" \/><\/p>\n\t\t\t\t\t\t\t\t<\/div>\n\n\t\t\t\t\t\t\t\n\t\t\t\t\t\t\t\n\t\t\t\t\t\t\t\n\t\t\t\t\t\t\t\t<div class=\"iw-so-article-button\">\n\t\t\t\t\t\t\t\t\t<a class=\"iw-so-article-btn iw-so-article-btn-hover iw-so-article-btn-click\" href=\"https:\/\/tudulinnakultuurikants.ee\/?p=5849\">\n\t\t\t\t\t\t\t\t\t\tLoe l\u00e4hemalt\t\t\t\t\t\t\t\t\t<\/a>\n\t\t\t\t\t\t\t\t<\/div>\n\n\t\t\t\t\t\t\t\n\t\t\t\t\t\t<\/div>\n\n\t\t\t\t\t<\/div>\n\n\t\t\t\t\t\n\t\t\t\t\n\t\t\t\t\t<div class=\"iw-so-article iw-so-no-thumb iw-so-blog-one-column iw-so-last-col\">\n\n\t\t\t\t\t\t<div class=\"iw-so-article-content\">\n\n\t\t\t\t\t\t\t\n\t\t\t\t\t\t\t\n\t\t\t\t\t\t\t<h2 class=\"iw-so-article-title iw-text-left\">\n\t\t\t\t\t\t\t\t<a href=\"https:\/\/tudulinnakultuurikants.ee\/?p=5845\">\t\t\t\t\t\t\t\t\tTudulinna Tuled VIII t\u00f5i kokku palju rahvast\t\t\t\t\t\t\t\t<\/a>\t\t\t\t\t\t\t<\/h2>\n\n\t\t\t\t\t\t\t\n\t\t\t\t\t\t\t\t<p class=\"iw-so-article-byline-below iw-text-left\">\n\t\t\t\t\t\t\t\t\t21.08.2025\t\t\t\t\t\t\t\t<\/p>\n\n\t\t\t\t\t\t\t\n\t\t\t\t\t\t\t\n\t\t\t\t\t\t\t\t<div class=\"iw-so-article-full\">\n\t\t\t\t\t\t\t\t\t<p>10 augustil Tudulinna Linnam\u00e4el juba kaheksandat korda toimunud traditsiooniline kogukonnafestival <strong>Tudulinna Tuled<\/strong> meelitas ilusal suvisel p\u00e4rastl\u00f5unal kokku arvuka kultuurihuvilise publiku nii l\u00e4hedalt kui kaugemalt.<\/p>\n<p>Ajaloolise puukiriku ees k\u00f5las kaunis romantiline muusika, meenutati m\u00f6\u00f6dunud aegu, kuulati \u00f5petlikke loomalugusid ning t\u00e4histati Tudulinna Raamatu aastat.<\/p>\n<p>P\u00f5hjalikum \u00fclevaade toimunust koos meeleolukate piltidega avaneb siin:\u00a0<a href=\"https:\/\/tudulinnakultuurikants.ee\/?page_id=5832\">Tudulinna Tuled VIII<\/a><\/p>\n<p><img loading=\"lazy\" decoding=\"async\" class=\"alignnone size-large wp-image-5842\" src=\"https:\/\/tudulinnakultuurikants.ee\/wp-content\/uploads\/2025\/08\/IMG_0263-1024x683.jpg\" alt=\"\" width=\"1024\" height=\"683\" srcset=\"https:\/\/tudulinnakultuurikants.ee\/wp-content\/uploads\/2025\/08\/IMG_0263-1024x683.jpg 1024w, https:\/\/tudulinnakultuurikants.ee\/wp-content\/uploads\/2025\/08\/IMG_0263-300x200.jpg 300w, https:\/\/tudulinnakultuurikants.ee\/wp-content\/uploads\/2025\/08\/IMG_0263-768x512.jpg 768w, https:\/\/tudulinnakultuurikants.ee\/wp-content\/uploads\/2025\/08\/IMG_0263-600x400.jpg 600w, https:\/\/tudulinnakultuurikants.ee\/wp-content\/uploads\/2025\/08\/IMG_0263-1536x1024.jpg 1536w, https:\/\/tudulinnakultuurikants.ee\/wp-content\/uploads\/2025\/08\/IMG_0263-2048x1365.jpg 2048w, https:\/\/tudulinnakultuurikants.ee\/wp-content\/uploads\/2025\/08\/IMG_0263-270x180.jpg 270w, https:\/\/tudulinnakultuurikants.ee\/wp-content\/uploads\/2025\/08\/IMG_0263-710x473.jpg 710w, https:\/\/tudulinnakultuurikants.ee\/wp-content\/uploads\/2025\/08\/IMG_0263-272x182.jpg 272w\" sizes=\"auto, (max-width: 1024px) 100vw, 1024px\" \/><\/p>\n<p><img loading=\"lazy\" decoding=\"async\" class=\"alignnone  wp-image-5871\" src=\"https:\/\/tudulinnakultuurikants.ee\/wp-content\/uploads\/2025\/09\/Kaasrahastanud_EL_kaksiklogod_EST_hor_color_RGB.jpg\" alt=\"\" width=\"509\" height=\"296\" srcset=\"https:\/\/tudulinnakultuurikants.ee\/wp-content\/uploads\/2025\/09\/Kaasrahastanud_EL_kaksiklogod_EST_hor_color_RGB.jpg 1022w, https:\/\/tudulinnakultuurikants.ee\/wp-content\/uploads\/2025\/09\/Kaasrahastanud_EL_kaksiklogod_EST_hor_color_RGB-300x174.jpg 300w, https:\/\/tudulinnakultuurikants.ee\/wp-content\/uploads\/2025\/09\/Kaasrahastanud_EL_kaksiklogod_EST_hor_color_RGB-768x446.jpg 768w, https:\/\/tudulinnakultuurikants.ee\/wp-content\/uploads\/2025\/09\/Kaasrahastanud_EL_kaksiklogod_EST_hor_color_RGB-710x413.jpg 710w\" sizes=\"auto, (max-width: 509px) 100vw, 509px\" \/><\/p>\n\t\t\t\t\t\t\t\t<\/div>\n\n\t\t\t\t\t\t\t\n\t\t\t\t\t\t\t\n\t\t\t\t\t\t\t\n\t\t\t\t\t\t\t\t<div class=\"iw-so-article-button\">\n\t\t\t\t\t\t\t\t\t<a class=\"iw-so-article-btn iw-so-article-btn-hover iw-so-article-btn-click\" href=\"https:\/\/tudulinnakultuurikants.ee\/?p=5845\">\n\t\t\t\t\t\t\t\t\t\tLoe l\u00e4hemalt\t\t\t\t\t\t\t\t\t<\/a>\n\t\t\t\t\t\t\t\t<\/div>\n\n\t\t\t\t\t\t\t\n\t\t\t\t\t\t<\/div>\n\n\t\t\t\t\t<\/div>\n\n\t\t\t\t\t\n\t\t\t\t\n\t\t\t\t\t<div class=\"iw-so-article iw-so-no-thumb iw-so-blog-one-column iw-so-last-col\">\n\n\t\t\t\t\t\t<div class=\"iw-so-article-content\">\n\n\t\t\t\t\t\t\t\n\t\t\t\t\t\t\t\n\t\t\t\t\t\t\t<h2 class=\"iw-so-article-title iw-text-left\">\n\t\t\t\t\t\t\t\t<a href=\"https:\/\/tudulinnakultuurikants.ee\/?p=5827\">\t\t\t\t\t\t\t\t\tTudulinna Tuled festivalil esineb Mati Kaal!\t\t\t\t\t\t\t\t<\/a>\t\t\t\t\t\t\t<\/h2>\n\n\t\t\t\t\t\t\t\n\t\t\t\t\t\t\t\t<p class=\"iw-so-article-byline-below iw-text-left\">\n\t\t\t\t\t\t\t\t\t08.08.2025\t\t\t\t\t\t\t\t<\/p>\n\n\t\t\t\t\t\t\t\n\t\t\t\t\t\t\t\n\t\t\t\t\t\t\t\t<div class=\"iw-so-article-full\">\n\t\t\t\t\t\t\t\t\t<div class=\"xdj266r x14z9mp xat24cr x1lziwak x1vvkbs x126k92a\">\n<div dir=\"auto\">K\u00f5ik head Tudulinna s\u00f5brad!<\/div>\n<div dir=\"auto\">Meil on teile \u00fcks kehva s\u00f5num ja kaks suurep\u00e4rast uudist seoses p\u00fchap\u00e4evase Tudulinna Tuled suvefestivaliga!<\/div>\n<div dir=\"auto\">Kahju on sellest, et armastatud zooloog <strong>Aleksei Turovski<\/strong> ei saa ootamatutel p\u00f5hjustel kahjuks Tudulinna tulla. Vabandame k\u00f5igi tema f\u00e4nnide ees!<\/div>\n<div dir=\"auto\">Aga suurep\u00e4rane on ju see, et tema asemel tuleb loomadest samal v\u00e4ljakuulutatud teemal &#8211; <em><strong>&#8220;Mida on meil loomadelt \u00f5ppida&#8221;<\/strong><\/em>? &#8211; r\u00e4\u00e4kima Eesti tuntuim loomaaednik ja muhe jutuvestja <strong>MATI KAAL<\/strong>!<\/div>\n<div dir=\"auto\">Milline suurep\u00e4rane v\u00f5imalus kuulata elavas esitluses Mati Kaalu aegumatuid lugusid!<\/div>\n<div dir=\"auto\"><img loading=\"lazy\" decoding=\"async\" class=\"alignnone wp-image-5828\" src=\"https:\/\/tudulinnakultuurikants.ee\/wp-content\/uploads\/2025\/08\/Mati-Kaal.jpg\" alt=\"\" width=\"329\" height=\"232\" srcset=\"https:\/\/tudulinnakultuurikants.ee\/wp-content\/uploads\/2025\/08\/Mati-Kaal.jpg 665w, https:\/\/tudulinnakultuurikants.ee\/wp-content\/uploads\/2025\/08\/Mati-Kaal-300x212.jpg 300w, https:\/\/tudulinnakultuurikants.ee\/wp-content\/uploads\/2025\/08\/Mati-Kaal-100x70.jpg 100w, https:\/\/tudulinnakultuurikants.ee\/wp-content\/uploads\/2025\/08\/Mati-Kaal-600x425.jpg 600w\" sizes=\"auto, (max-width: 329px) 100vw, 329px\" \/><\/div>\n<div dir=\"auto\">Ja mis siis on see teine hea uudis? Loomulikult see, et praeguste prognooside kohaselt ennustatakse<strong> p\u00fchap\u00e4evaks Tudulinna imeilusat parajalt sooja suveilma maheda tuulekese ja p\u00e4ikesega!<\/strong><\/div>\n<div dir=\"auto\">Nii et k\u00f5ik Tudulinna poole teele p\u00fchap\u00e4eva p\u00e4rastl\u00f5unal!<\/div>\n<div dir=\"auto\"><\/div>\n<\/div>\n<div class=\"x14z9mp xat24cr x1lziwak x1vvkbs xtlvy1s x126k92a\">\n<div dir=\"auto\"><strong>Tudulinna tuled? No muidugi tuled! <span class=\"html-span xexx8yu xyri2b x18d9i69 x1c1uobl x1hl2dhg x16tdsg8 x1vvkbs x3nfvp2 x1j61x8r x1fcty0u xdj266r xat24cr xm2jcoa x1mpyi22 xxymvpz xlup9mm x1kky2od\"><img loading=\"lazy\" decoding=\"async\" class=\"xz74otr x15mokao x1ga7v0g x16uus16 xbiv7yw\" src=\"https:\/\/static.xx.fbcdn.net\/images\/emoji.php\/v9\/t4c\/1\/16\/1f642.png\" alt=\"\ud83d\ude42\" width=\"16\" height=\"16\" \/><\/span><\/strong><\/div>\n<\/div>\n<div dir=\"auto\"><img loading=\"lazy\" decoding=\"async\" class=\"alignnone size-large wp-image-5829\" src=\"https:\/\/tudulinnakultuurikants.ee\/wp-content\/uploads\/2025\/08\/Tudulinna-Tuled-VIII-2025-plakat-Mati-Kaal-731x1024.jpg\" alt=\"\" width=\"731\" height=\"1024\" srcset=\"https:\/\/tudulinnakultuurikants.ee\/wp-content\/uploads\/2025\/08\/Tudulinna-Tuled-VIII-2025-plakat-Mati-Kaal-731x1024.jpg 731w, https:\/\/tudulinnakultuurikants.ee\/wp-content\/uploads\/2025\/08\/Tudulinna-Tuled-VIII-2025-plakat-Mati-Kaal-214x300.jpg 214w, https:\/\/tudulinnakultuurikants.ee\/wp-content\/uploads\/2025\/08\/Tudulinna-Tuled-VIII-2025-plakat-Mati-Kaal-768x1075.jpg 768w, https:\/\/tudulinnakultuurikants.ee\/wp-content\/uploads\/2025\/08\/Tudulinna-Tuled-VIII-2025-plakat-Mati-Kaal-1097x1536.jpg 1097w, https:\/\/tudulinnakultuurikants.ee\/wp-content\/uploads\/2025\/08\/Tudulinna-Tuled-VIII-2025-plakat-Mati-Kaal-1463x2048.jpg 1463w, https:\/\/tudulinnakultuurikants.ee\/wp-content\/uploads\/2025\/08\/Tudulinna-Tuled-VIII-2025-plakat-Mati-Kaal-scaled.jpg 1828w\" sizes=\"auto, (max-width: 731px) 100vw, 731px\" \/><\/div>\n\t\t\t\t\t\t\t\t<\/div>\n\n\t\t\t\t\t\t\t\n\t\t\t\t\t\t\t\n\t\t\t\t\t\t\t\n\t\t\t\t\t\t\t\t<div class=\"iw-so-article-button\">\n\t\t\t\t\t\t\t\t\t<a class=\"iw-so-article-btn iw-so-article-btn-hover iw-so-article-btn-click\" href=\"https:\/\/tudulinnakultuurikants.ee\/?p=5827\">\n\t\t\t\t\t\t\t\t\t\tLoe l\u00e4hemalt\t\t\t\t\t\t\t\t\t<\/a>\n\t\t\t\t\t\t\t\t<\/div>\n\n\t\t\t\t\t\t\t\n\t\t\t\t\t\t<\/div>\n\n\t\t\t\t\t<\/div>\n\n\t\t\t\t\t\n\t\t\t\t\n\t\t\t\t\t<div class=\"iw-so-article iw-so-no-thumb iw-so-blog-one-column iw-so-last-col\">\n\n\t\t\t\t\t\t<div class=\"iw-so-article-content\">\n\n\t\t\t\t\t\t\t\n\t\t\t\t\t\t\t\n\t\t\t\t\t\t\t<h2 class=\"iw-so-article-title iw-text-left\">\n\t\t\t\t\t\t\t\t<a href=\"https:\/\/tudulinnakultuurikants.ee\/?p=5810\">\t\t\t\t\t\t\t\t\tTudulinna Tulede suvefestivali eel &#8211; sajanditagused lood\t\t\t\t\t\t\t\t<\/a>\t\t\t\t\t\t\t<\/h2>\n\n\t\t\t\t\t\t\t\n\t\t\t\t\t\t\t\t<p class=\"iw-so-article-byline-below iw-text-left\">\n\t\t\t\t\t\t\t\t\t24.07.2025\t\t\t\t\t\t\t\t<\/p>\n\n\t\t\t\t\t\t\t\n\t\t\t\t\t\t\t\n\t\t\t\t\t\t\t\t<div class=\"iw-so-article-full\">\n\t\t\t\t\t\t\t\t\t<p><em><span style=\"color: #0000ff;\"><strong>1925. aasta s\u00fcdasuvel korraldas Tudulinna spordiselts toreda spordip\u00e4eva, millest 24. juuli 1925 &#8220;Postimehes&#8221; ka kokkuv\u00f5tlik \u00fclevaade ilmus:<\/strong><\/span><\/em><\/p>\n<h3><strong>Tudulinna<\/strong>\u00a0spordiselts \u201eNoorus&#8221;<\/h3>\n<p>korraldas l\u00e4inud p\u00fchap\u00e4ewal suurema spordip\u00e4ewa, mille eeskawas olid w\u00f5istlused spordiw\u00e4ljal ja \u00f5htul seltsimajas pidu. Nimetatud p\u00e4ew l\u00e4ks k\u00f5igiti h\u00e4sti korda ja t\u00f5i seltsile sissetulekut 13 000 marga \u00fcmber, millest ligi 10 000 marka puhast tulu j\u00e4\u00e4b. Kuna osa spordiabin\u00f5usid seltsil puudub, ei saadud k\u00f5igil aladel w\u00f5istelda. T\u00e4htsamateks tagaj\u00e4rgedeks oleks: k\u00f5rgush\u00fcpe hooga 152 sm T. Pruus: kaugush\u00fcpe hooga 529 sm E. Roost: 3000 meetri jooks korraldamata jooksuteel 13 min. P. Maasik. Jalgpalli m\u00e4ngus w\u00f5itis\u00a0<strong>Tudulinna<\/strong>\u00a0meeskond Mustwee-Lohusuu segameeskonda 4:1 wastu. Peale w\u00f5istlusi algas kohaliku laulu- ja m\u00e4nguseltsi ruumes pidu. Rahwa osaw\u00f5tt spordip\u00e4ewast oli r\u00f6\u00f5mustawalt \u00f5ige elaw.<\/p>\n<p>&nbsp;<\/p>\n<p><span style=\"color: #0000ff;\"><strong><em>Aga t\u00e4pselt samal kuup\u00e4eval, kuid veel 40 aastat varem ilmus &#8220;Eesti Postimehes ehk N\u00e4ddalilehes&#8221; pikk lugu sellest, kuidas\u00a0 Tudulinna &#8220;m\u00e4ngukoor&#8221; kauni kontserdiga rahvast oli r\u00f5\u00f5mustanud. Kuna ka n\u00fc\u00fcd on kohe saabumas <span style=\"color: #ff6600;\">j\u00e4rjekordne kogukonnafestival &#8220;Tudulinna Tuled&#8221;<\/span> toredate esinejate ja p\u00f5nevate esitlustega, tasub sissejuhatuseks lugeda l\u00e4bi, kuidas juba 140 aasta eest Tudulinna m\u00f5isapargis k\u00f5rgetasemelist muusikaelamust pakuti!\u00a0<\/em><\/strong><\/span><\/p>\n<p><span style=\"color: #0000ff;\"><strong><em>V\u00e4ike l\u00f5iguke sellest \u00fclevaatest allpool, terviklugu k\u00e4ttesaadav vanade ajalehtede andmebaasis Digaris.<\/em><\/strong><\/span><\/p>\n<h2><span style=\"color: #ff6600;\"><em><strong>Kohtumiseni juba 10. augustil Tudulinna linnam\u00e4el Tudulinna Tuled VIII festivalil! Kava vaata siit: <a href=\"https:\/\/tudulinnakultuurikants.ee\/?p=5802\">https:\/\/tudulinnakultuurikants.ee\/?p=5802<\/a><\/strong><\/em><\/span><\/h2>\n<p>&nbsp;<\/p>\n<p>P\u00fchap\u00e4ew andis <strong>Tudulinna<\/strong>\u00a0m\u00e4ngukoor s\u00e4\u00e4lse m\u00f5isa puiestikus kontserti. Ehk ma k\u00fcll suur muusika-tundja ei ole, siisgi on mul \u00f5nn osaks olnud m\u00f5ndagi m\u00e4ngukoori linnas ja maal kuulda, t\u00f5ega pean tunnistama ja \u00fctlema: auu\u00a0<strong>Tudulinna<\/strong> m\u00e4ngukoorile, kes l\u00fchikese aja sees Kalewipoja sammu edasi on astunud, auu tema juhataja T. Pikhoffile, kelle juhatuse all koor nii j\u00f5udsasti edasi on j\u00f5udnud. T\u00fckid, mis m\u00e4ngiti, saiwad puhtalt ja selgelt ette kantud, nii et r\u00f5\u00f5m seda kuulda oli, r\u00f5\u00f5m paistis iga osaw\u00f5tja palest, rahulolemine ja kiitus iga\u00fche keelest. T\u00e4nu ja j\u00f5udu soowin neile s\u00fcdamest. Edasi, armsad Eesti wennad, astuge edasi r\u00f5\u00f5mus ja \u00fchel meelel, n\u00f5uul ja j\u00f5uul astuge oma rada, tehke t\u00f6\u00f6d isamaa kasuks.<\/p>\n<p><strong><span style=\"color: #0000ff;\"><em>(Eesti Postimees ehk N\u00e4ddalaleht : ma- ja linnarahvale, nr. 30, 24 juuli 1885)<\/em><\/span><\/strong><\/p>\n<p><img loading=\"lazy\" decoding=\"async\" class=\"alignnone size-large wp-image-5811\" src=\"https:\/\/tudulinnakultuurikants.ee\/wp-content\/uploads\/2025\/07\/Screenshot-2025-07-24-230149-1024x350.png\" alt=\"\" width=\"1024\" height=\"350\" srcset=\"https:\/\/tudulinnakultuurikants.ee\/wp-content\/uploads\/2025\/07\/Screenshot-2025-07-24-230149-1024x350.png 1024w, https:\/\/tudulinnakultuurikants.ee\/wp-content\/uploads\/2025\/07\/Screenshot-2025-07-24-230149-300x103.png 300w, https:\/\/tudulinnakultuurikants.ee\/wp-content\/uploads\/2025\/07\/Screenshot-2025-07-24-230149-768x262.png 768w, https:\/\/tudulinnakultuurikants.ee\/wp-content\/uploads\/2025\/07\/Screenshot-2025-07-24-230149-710x243.png 710w, https:\/\/tudulinnakultuurikants.ee\/wp-content\/uploads\/2025\/07\/Screenshot-2025-07-24-230149.png 1150w\" sizes=\"auto, (max-width: 1024px) 100vw, 1024px\" \/><\/p>\n\t\t\t\t\t\t\t\t<\/div>\n\n\t\t\t\t\t\t\t\n\t\t\t\t\t\t\t\n\t\t\t\t\t\t\t\n\t\t\t\t\t\t\t\t<div class=\"iw-so-article-button\">\n\t\t\t\t\t\t\t\t\t<a class=\"iw-so-article-btn iw-so-article-btn-hover iw-so-article-btn-click\" href=\"https:\/\/tudulinnakultuurikants.ee\/?p=5810\">\n\t\t\t\t\t\t\t\t\t\tLoe l\u00e4hemalt\t\t\t\t\t\t\t\t\t<\/a>\n\t\t\t\t\t\t\t\t<\/div>\n\n\t\t\t\t\t\t\t\n\t\t\t\t\t\t<\/div>\n\n\t\t\t\t\t<\/div>\n\n\t\t\t\t\t\n\t\t\t\t\n\t\t\t\t\t<div class=\"iw-so-article iw-so-no-thumb iw-so-blog-one-column iw-so-last-col\">\n\n\t\t\t\t\t\t<div class=\"iw-so-article-content\">\n\n\t\t\t\t\t\t\t\n\t\t\t\t\t\t\t\n\t\t\t\t\t\t\t<h2 class=\"iw-so-article-title iw-text-left\">\n\t\t\t\t\t\t\t\t<a href=\"https:\/\/tudulinnakultuurikants.ee\/?p=5802\">\t\t\t\t\t\t\t\t\tTudulinna Tuled VIII\t\t\t\t\t\t\t\t<\/a>\t\t\t\t\t\t\t<\/h2>\n\n\t\t\t\t\t\t\t\n\t\t\t\t\t\t\t\t<p class=\"iw-so-article-byline-below iw-text-left\">\n\t\t\t\t\t\t\t\t\t17.07.2025\t\t\t\t\t\t\t\t<\/p>\n\n\t\t\t\t\t\t\t\n\t\t\t\t\t\t\t\n\t\t\t\t\t\t\t\t<div class=\"iw-so-article-full\">\n\t\t\t\t\t\t\t\t\t<h1><span style=\"color: #339966;\">Kogukonnafestival Tudulinna Tuled on taas tulekul!<\/span><\/h1>\n<h2><span style=\"color: #0000ff;\">Juba 10. augusti p\u00e4rastl\u00f5unal, algusega kell 15.30 saab alguse j\u00e4rjekordne &#8220;Tudulinna Tuled&#8221; festival. Kava on tavap\u00e4raselt mitmekesine, ajakohane ja meeleolukas!<\/span><\/h2>\n<div class=\"gmail_default\">* Avaneb alati p\u00f5nev <b>Lego V\u00f5lumaailm\u00a0<\/b>lastele!<\/div>\n<div class=\"gmail_default\">*\u00a0<b>Tudulinna muusikaperekond<\/b>: <strong><span style=\"color: #339966;\">Mathiesenid-V\u00e4inmaad<\/span><\/strong> &#8211; kooli\u00f5petajatest-k\u00f6stritest Eesti tippmuusikuteni<\/div>\n<div class=\"gmail_default\">* Salap\u00e4rased metsaelanikud meie \u00fcmber: mida on meil neilt \u00f5ppida?\u00a0 Muhedaid loomalugusid vestab\u00a0<span style=\"color: #339966;\"><b>Aleksei Turovski<\/b><\/span><\/div>\n<div class=\"gmail_default\">* <strong>Tudulinna Raamatu Aasta<\/strong>:\u00a0 ajalooliste ja unikaalsete <b>Tudulinna raamatute<\/b>\u00a0n\u00e4itus koos tutvustusega (Andres Meresmaa).<\/div>\n<div class=\"gmail_default\">* Sumeda suve\u00f5htu helisev muusika:\u00a0<span style=\"color: #339966;\"><b>Maarja-Liis Ilus ja Joel-Rasmus Remmel\u00a0<\/b><\/span><\/div>\n<div class=\"gmail_default\"><\/div>\n<div class=\"gmail_default\"><b>Lasteala\u00a0<\/b>on avatud terve festivali \u00f5htu!<\/div>\n<div class=\"gmail_default\">Alutaguse parimad kodused maitseelamused\u00a0<b>Tornikuke Kohvikus<\/b>!<\/div>\n<div class=\"gmail_default\"><b>Ajaloolised fotod<\/b>\u00a0Tudulinna kandist!<\/div>\n<div class=\"gmail_default\">Raamatuletis saadaval huvitavat\u00a0<b>kirjandust Tudulinnast<\/b>, tudulinlastest\u00a0ja tudulinlastelt!<\/div>\n<div class=\"gmail_default\"><\/div>\n<div class=\"gmail_default\">Oled oodatud!<\/div>\n<div class=\"gmail_default\"><\/div>\n<div class=\"gmail_default\">Piletid saadaval Piletikeskuses &#8211; praegu ostes saad soodsamalt!<\/div>\n<div><\/div>\n<div><img loading=\"lazy\" decoding=\"async\" class=\"alignnone size-large wp-image-5806\" src=\"https:\/\/tudulinnakultuurikants.ee\/wp-content\/uploads\/2025\/07\/Tudulinna-Tuled-VIII-2025-plakat-1-731x1024.jpg\" alt=\"\" width=\"731\" height=\"1024\" srcset=\"https:\/\/tudulinnakultuurikants.ee\/wp-content\/uploads\/2025\/07\/Tudulinna-Tuled-VIII-2025-plakat-1-731x1024.jpg 731w, https:\/\/tudulinnakultuurikants.ee\/wp-content\/uploads\/2025\/07\/Tudulinna-Tuled-VIII-2025-plakat-1-214x300.jpg 214w, https:\/\/tudulinnakultuurikants.ee\/wp-content\/uploads\/2025\/07\/Tudulinna-Tuled-VIII-2025-plakat-1-768x1075.jpg 768w, https:\/\/tudulinnakultuurikants.ee\/wp-content\/uploads\/2025\/07\/Tudulinna-Tuled-VIII-2025-plakat-1-1097x1536.jpg 1097w, https:\/\/tudulinnakultuurikants.ee\/wp-content\/uploads\/2025\/07\/Tudulinna-Tuled-VIII-2025-plakat-1-1463x2048.jpg 1463w, https:\/\/tudulinnakultuurikants.ee\/wp-content\/uploads\/2025\/07\/Tudulinna-Tuled-VIII-2025-plakat-1-710x994.jpg 710w, https:\/\/tudulinnakultuurikants.ee\/wp-content\/uploads\/2025\/07\/Tudulinna-Tuled-VIII-2025-plakat-1-scaled.jpg 1828w\" sizes=\"auto, (max-width: 731px) 100vw, 731px\" \/><\/div>\n\t\t\t\t\t\t\t\t<\/div>\n\n\t\t\t\t\t\t\t\n\t\t\t\t\t\t\t\n\t\t\t\t\t\t\t\n\t\t\t\t\t\t\t\t<div class=\"iw-so-article-button\">\n\t\t\t\t\t\t\t\t\t<a class=\"iw-so-article-btn iw-so-article-btn-hover iw-so-article-btn-click\" href=\"https:\/\/tudulinnakultuurikants.ee\/?p=5802\">\n\t\t\t\t\t\t\t\t\t\tLoe l\u00e4hemalt\t\t\t\t\t\t\t\t\t<\/a>\n\t\t\t\t\t\t\t\t<\/div>\n\n\t\t\t\t\t\t\t\n\t\t\t\t\t\t<\/div>\n\n\t\t\t\t\t<\/div>\n\n\t\t\t\t\t\n\t\t\t\t\n\t\t\t<\/div>\n\n\t\t\t\n\t\t<\/div>\n\n\t<\/div>\n\n\n<\/div><\/div><\/div><\/div><\/div><\/div>","protected":false},"excerpt":{"rendered":"<p>Siit leiad v\u00e4rske info Tudulinnas toimuva kohta.<\/p>\n","protected":false},"author":1,"featured_media":0,"parent":0,"menu_order":0,"comment_status":"closed","ping_status":"closed","template":"page-templates\/template_fullwidth.php","meta":{"_bbp_topic_count":0,"_bbp_reply_count":0,"_bbp_total_topic_count":0,"_bbp_total_reply_count":0,"_bbp_voice_count":0,"_bbp_anonymous_reply_count":0,"_bbp_topic_count_hidden":0,"_bbp_reply_count_hidden":0,"_bbp_forum_subforum_count":0,"footnotes":"","_links_to":"","_links_to_target":""},"class_list":["post-628","page","type-page","status-publish","hentry","list-style-post"],"_links":{"self":[{"href":"https:\/\/tudulinnakultuurikants.ee\/index.php?rest_route=\/wp\/v2\/pages\/628","targetHints":{"allow":["GET"]}}],"collection":[{"href":"https:\/\/tudulinnakultuurikants.ee\/index.php?rest_route=\/wp\/v2\/pages"}],"about":[{"href":"https:\/\/tudulinnakultuurikants.ee\/index.php?rest_route=\/wp\/v2\/types\/page"}],"author":[{"embeddable":true,"href":"https:\/\/tudulinnakultuurikants.ee\/index.php?rest_route=\/wp\/v2\/users\/1"}],"replies":[{"embeddable":true,"href":"https:\/\/tudulinnakultuurikants.ee\/index.php?rest_route=%2Fwp%2Fv2%2Fcomments&post=628"}],"version-history":[{"count":4,"href":"https:\/\/tudulinnakultuurikants.ee\/index.php?rest_route=\/wp\/v2\/pages\/628\/revisions"}],"predecessor-version":[{"id":632,"href":"https:\/\/tudulinnakultuurikants.ee\/index.php?rest_route=\/wp\/v2\/pages\/628\/revisions\/632"}],"wp:attachment":[{"href":"https:\/\/tudulinnakultuurikants.ee\/index.php?rest_route=%2Fwp%2Fv2%2Fmedia&parent=628"}],"curies":[{"name":"wp","href":"https:\/\/api.w.org\/{rel}","templated":true}]}}