{"id":720,"date":"2019-06-08T18:50:56","date_gmt":"2019-06-08T16:50:56","guid":{"rendered":"https:\/\/tudulinnakirik.planet.ee\/?page_id=720"},"modified":"2019-06-17T21:57:08","modified_gmt":"2019-06-17T19:57:08","slug":"galeriiuld","status":"publish","type":"page","link":"https:\/\/tudulinnakultuurikants.ee\/?page_id=720","title":{"rendered":"Galerii_\u00fcld"},"content":{"rendered":"<div id=\"pl-720\"  class=\"panel-layout\" ><div id=\"pg-720-0\"  class=\"panel-grid panel-has-style\" ><div style=\"padding-top: 30px; padding-bottom: 30px; \" class=\"panel-row-style panel-row-style-for-720-0\" ><div id=\"pgc-720-0-0\"  class=\"panel-grid-cell\" ><div id=\"panel-720-0-0-0\" class=\"so-panel widget widget_text panel-first-child panel-last-child\" data-index=\"0\" ><h3 class=\"widget-title\">Ajaloolised fotod<\/h3>\t\t\t<div class=\"textwidget\"><div id='gallery-1' class='gallery galleryid-0 gallery-columns-3 gallery-size-thumbnail'><figure class='gallery-item'>\n\t\t\t<div class='gallery-icon landscape'>\n\t\t\t\t<a href='https:\/\/tudulinnakultuurikants.ee\/wp-content\/uploads\/2019\/03\/Vana-kiriku-sisevaade-1905.jpg'><img loading=\"lazy\" decoding=\"async\" width=\"150\" height=\"150\" src=\"https:\/\/tudulinnakultuurikants.ee\/wp-content\/uploads\/2019\/03\/Vana-kiriku-sisevaade-1905-150x150.jpg\" class=\"attachment-thumbnail size-thumbnail\" alt=\"\" aria-describedby=\"gallery-1-196\" \/><\/a>\n\t\t\t<\/div>\n\t\t\t\t<figcaption class='wp-caption-text gallery-caption' id='gallery-1-196'>\n\t\t\t\t Vana kiriku sisevaade 1905. Foto: Paul Johann Eduard Wender\n\t\t\t\t<\/figcaption><\/figure><figure class='gallery-item'>\n\t\t\t<div class='gallery-icon landscape'>\n\t\t\t\t<a href='https:\/\/tudulinnakultuurikants.ee\/wp-content\/uploads\/2019\/05\/Carl-Sarapi-foto-vanast-kirikust-ja-veskist-1.jpg'><img loading=\"lazy\" decoding=\"async\" width=\"150\" height=\"150\" src=\"https:\/\/tudulinnakultuurikants.ee\/wp-content\/uploads\/2019\/05\/Carl-Sarapi-foto-vanast-kirikust-ja-veskist-1-150x150.jpg\" class=\"attachment-thumbnail size-thumbnail\" alt=\"\" aria-describedby=\"gallery-1-358\" \/><\/a>\n\t\t\t<\/div>\n\t\t\t\t<figcaption class='wp-caption-text gallery-caption' id='gallery-1-358'>\n\t\t\t\tVaade Tudulinna vanale kirikule ja M\u00f6ldri tuuleveskile. Foto: Carl Sarap\n\t\t\t\t<\/figcaption><\/figure><figure class='gallery-item'>\n\t\t\t<div class='gallery-icon landscape'>\n\t\t\t\t<a href='https:\/\/tudulinnakultuurikants.ee\/wp-content\/uploads\/2019\/05\/Vana-kirik-p\u00e4rast-1939-a-remonti.jpg'><img loading=\"lazy\" decoding=\"async\" width=\"150\" height=\"150\" src=\"https:\/\/tudulinnakultuurikants.ee\/wp-content\/uploads\/2019\/05\/Vana-kirik-p\u00e4rast-1939-a-remonti-150x150.jpg\" class=\"attachment-thumbnail size-thumbnail\" alt=\"\" aria-describedby=\"gallery-1-359\" \/><\/a>\n\t\t\t<\/div>\n\t\t\t\t<figcaption class='wp-caption-text gallery-caption' id='gallery-1-359'>\n\t\t\t\tVana kirik p\u00e4rast 1939 a remonti\n\t\t\t\t<\/figcaption><\/figure><figure class='gallery-item'>\n\t\t\t<div class='gallery-icon landscape'>\n\t\t\t\t<a href='https:\/\/tudulinnakultuurikants.ee\/wp-content\/uploads\/2019\/05\/Tudulinna-kirikud-25-juulil-1947-aastal.jpg'><img loading=\"lazy\" decoding=\"async\" width=\"150\" height=\"150\" src=\"https:\/\/tudulinnakultuurikants.ee\/wp-content\/uploads\/2019\/05\/Tudulinna-kirikud-25-juulil-1947-aastal-150x150.jpg\" class=\"attachment-thumbnail size-thumbnail\" alt=\"\" aria-describedby=\"gallery-1-360\" \/><\/a>\n\t\t\t<\/div>\n\t\t\t\t<figcaption class='wp-caption-text gallery-caption' id='gallery-1-360'>\n\t\t\t\tTudulinna kirikud 25 juulil 1947 aastal.  Rahu kiriku tornil on n\u00e4ha s\u00f5japurustused.\n\t\t\t\t<\/figcaption><\/figure><figure class='gallery-item'>\n\t\t\t<div class='gallery-icon landscape'>\n\t\t\t\t<a href='https:\/\/tudulinnakultuurikants.ee\/wp-content\/uploads\/2019\/05\/1956-a-foto-5.jpg'><img loading=\"lazy\" decoding=\"async\" width=\"150\" height=\"150\" src=\"https:\/\/tudulinnakultuurikants.ee\/wp-content\/uploads\/2019\/05\/1956-a-foto-5-150x150.jpg\" class=\"attachment-thumbnail size-thumbnail\" alt=\"\" aria-describedby=\"gallery-1-362\" \/><\/a>\n\t\t\t<\/div>\n\t\t\t\t<figcaption class='wp-caption-text gallery-caption' id='gallery-1-362'>\n\t\t\t\t1956. aastal n\u00e4gi vana kirik veel korralik v\u00e4lja ehkki oli juba sovhoosi viljaait.\n\t\t\t\t<\/figcaption><\/figure><figure class='gallery-item'>\n\t\t\t<div class='gallery-icon portrait'>\n\t\t\t\t<a href='https:\/\/tudulinnakultuurikants.ee\/wp-content\/uploads\/2019\/05\/qzcke525be67136e35P2227491.jpg'><img loading=\"lazy\" decoding=\"async\" width=\"150\" height=\"150\" src=\"https:\/\/tudulinnakultuurikants.ee\/wp-content\/uploads\/2019\/05\/qzcke525be67136e35P2227491-150x150.jpg\" class=\"attachment-thumbnail size-thumbnail\" alt=\"\" aria-describedby=\"gallery-1-363\" \/><\/a>\n\t\t\t<\/div>\n\t\t\t\t<figcaption class='wp-caption-text gallery-caption' id='gallery-1-363'>\n\t\t\t\tVeski seadmed vanas kirikus\n\t\t\t\t<\/figcaption><\/figure><figure class='gallery-item'>\n\t\t\t<div class='gallery-icon portrait'>\n\t\t\t\t<a href='https:\/\/tudulinnakultuurikants.ee\/wp-content\/uploads\/2019\/05\/swkvm525be672eb415P2227493.jpg'><img loading=\"lazy\" decoding=\"async\" width=\"150\" height=\"150\" src=\"https:\/\/tudulinnakultuurikants.ee\/wp-content\/uploads\/2019\/05\/swkvm525be672eb415P2227493-150x150.jpg\" class=\"attachment-thumbnail size-thumbnail\" alt=\"\" aria-describedby=\"gallery-1-364\" \/><\/a>\n\t\t\t<\/div>\n\t\t\t\t<figcaption class='wp-caption-text gallery-caption' id='gallery-1-364'>\n\t\t\t\tViljakuhjad ja kolud. Paremal on n\u00e4ha kinnil\u00f6\u00f6dud kirikuaknad\n\t\t\t\t<\/figcaption><\/figure><figure class='gallery-item'>\n\t\t\t<div class='gallery-icon landscape'>\n\t\t\t\t<a href='https:\/\/tudulinnakultuurikants.ee\/wp-content\/uploads\/2019\/05\/Vana-kirik-vaadatud-ilmselt-veskist.jpg'><img loading=\"lazy\" decoding=\"async\" width=\"150\" height=\"150\" src=\"https:\/\/tudulinnakultuurikants.ee\/wp-content\/uploads\/2019\/05\/Vana-kirik-vaadatud-ilmselt-veskist-150x150.jpg\" class=\"attachment-thumbnail size-thumbnail\" alt=\"\" aria-describedby=\"gallery-1-366\" \/><\/a>\n\t\t\t<\/div>\n\t\t\t\t<figcaption class='wp-caption-text gallery-caption' id='gallery-1-366'>\n\t\t\t\tVana kirik sovhoosi veskina, pildistatud ilmselt M\u00f6ldri tuulikust\n\t\t\t\t<\/figcaption><\/figure><figure class='gallery-item'>\n\t\t\t<div class='gallery-icon landscape'>\n\t\t\t\t<a href='https:\/\/tudulinnakultuurikants.ee\/wp-content\/uploads\/2019\/05\/fjyje525be6629026bP22274811.jpg'><img loading=\"lazy\" decoding=\"async\" width=\"150\" height=\"150\" src=\"https:\/\/tudulinnakultuurikants.ee\/wp-content\/uploads\/2019\/05\/fjyje525be6629026bP22274811-150x150.jpg\" class=\"attachment-thumbnail size-thumbnail\" alt=\"\" aria-describedby=\"gallery-1-373\" \/><\/a>\n\t\t\t<\/div>\n\t\t\t\t<figcaption class='wp-caption-text gallery-caption' id='gallery-1-373'>\n\t\t\t\tTudulinna vana kirik koos aiam\u00fc\u00fcriga. Foto: Carl Sarap\n\t\t\t\t<\/figcaption><\/figure><figure class='gallery-item'>\n\t\t\t<div class='gallery-icon landscape'>\n\t\t\t\t<a href='https:\/\/tudulinnakultuurikants.ee\/wp-content\/uploads\/2019\/05\/1956-a-foto-2.jpg'><img loading=\"lazy\" decoding=\"async\" width=\"150\" height=\"150\" src=\"https:\/\/tudulinnakultuurikants.ee\/wp-content\/uploads\/2019\/05\/1956-a-foto-2-150x150.jpg\" class=\"attachment-thumbnail size-thumbnail\" alt=\"\" aria-describedby=\"gallery-1-381\" \/><\/a>\n\t\t\t<\/div>\n\t\t\t\t<figcaption class='wp-caption-text gallery-caption' id='gallery-1-381'>\n\t\t\t\tVana kirik 1956 aastal \n\t\t\t\t<\/figcaption><\/figure><figure class='gallery-item'>\n\t\t\t<div class='gallery-icon portrait'>\n\t\t\t\t<a href='https:\/\/tudulinnakultuurikants.ee\/wp-content\/uploads\/2019\/05\/Vana-kiriku-v\u00e4lisvaade-1905.jpg'><img loading=\"lazy\" decoding=\"async\" width=\"150\" height=\"150\" src=\"https:\/\/tudulinnakultuurikants.ee\/wp-content\/uploads\/2019\/05\/Vana-kiriku-v\u00e4lisvaade-1905-150x150.jpg\" class=\"attachment-thumbnail size-thumbnail\" alt=\"\" aria-describedby=\"gallery-1-383\" \/><\/a>\n\t\t\t<\/div>\n\t\t\t\t<figcaption class='wp-caption-text gallery-caption' id='gallery-1-383'>\n\t\t\t\tVana kiriku v\u00e4lisvaade 1905 aastal. Varaseim s\u00e4ilinud \u00fclesv\u00f5te Tudulinna kirikust. Foto: Paul Johann Eduard Wender\n\t\t\t\t<\/figcaption><\/figure><figure class='gallery-item'>\n\t\t\t<div class='gallery-icon landscape'>\n\t\t\t\t<a href='https:\/\/tudulinnakultuurikants.ee\/wp-content\/uploads\/2019\/05\/vana-kirik-vaade-k\u00fcla-poolt.jpg'><img loading=\"lazy\" decoding=\"async\" width=\"150\" height=\"150\" src=\"https:\/\/tudulinnakultuurikants.ee\/wp-content\/uploads\/2019\/05\/vana-kirik-vaade-k\u00fcla-poolt-150x150.jpg\" class=\"attachment-thumbnail size-thumbnail\" alt=\"\" aria-describedby=\"gallery-1-412\" \/><\/a>\n\t\t\t<\/div>\n\t\t\t\t<figcaption class='wp-caption-text gallery-caption' id='gallery-1-412'>\n\t\t\t\tVaade l\u00f5unast\n\t\t\t\t<\/figcaption><\/figure>\n\t\t<\/div>\n\n<\/div>\n\t\t<\/div><\/div><div id=\"pgc-720-0-1\"  class=\"panel-grid-cell\" ><div id=\"panel-720-0-1-0\" class=\"so-panel widget widget_text panel-first-child panel-last-child\" data-index=\"1\" ><h3 class=\"widget-title\">Kaasaegsed fotod<\/h3>\t\t\t<div class=\"textwidget\"><div id='gallery-2' class='gallery galleryid-0 gallery-columns-3 gallery-size-thumbnail'><figure class='gallery-item'>\n\t\t\t<div class='gallery-icon landscape'>\n\t\t\t\t<a href='https:\/\/tudulinnakultuurikants.ee\/wp-content\/uploads\/2019\/03\/Tudulinna_kirik.-2.jpg'><img loading=\"lazy\" decoding=\"async\" width=\"150\" height=\"150\" src=\"https:\/\/tudulinnakultuurikants.ee\/wp-content\/uploads\/2019\/03\/Tudulinna_kirik.-2-150x150.jpg\" class=\"attachment-thumbnail size-thumbnail\" alt=\"\" aria-describedby=\"gallery-2-11\" \/><\/a>\n\t\t\t<\/div>\n\t\t\t\t<figcaption class='wp-caption-text gallery-caption' id='gallery-2-11'>\n\t\t\t\tVaade Rahu kirikule l\u00e4\u00e4nest\n\t\t\t\t<\/figcaption><\/figure><figure class='gallery-item'>\n\t\t\t<div class='gallery-icon landscape'>\n\t\t\t\t<a href='https:\/\/tudulinnakultuurikants.ee\/wp-content\/uploads\/2019\/04\/september-2009-004.jpg'><img loading=\"lazy\" decoding=\"async\" width=\"150\" height=\"150\" src=\"https:\/\/tudulinnakultuurikants.ee\/wp-content\/uploads\/2019\/04\/september-2009-004-150x150.jpg\" class=\"attachment-thumbnail size-thumbnail\" alt=\"\" aria-describedby=\"gallery-2-280\" \/><\/a>\n\t\t\t<\/div>\n\t\t\t\t<figcaption class='wp-caption-text gallery-caption' id='gallery-2-280'>\n\t\t\t\tKirikud Linnam\u00e4el 2009 aastal\n\t\t\t\t<\/figcaption><\/figure><figure class='gallery-item'>\n\t\t\t<div class='gallery-icon landscape'>\n\t\t\t\t<a href='https:\/\/tudulinnakultuurikants.ee\/wp-content\/uploads\/2019\/04\/Vana-kirik-2009.jpg'><img loading=\"lazy\" decoding=\"async\" width=\"150\" height=\"150\" src=\"https:\/\/tudulinnakultuurikants.ee\/wp-content\/uploads\/2019\/04\/Vana-kirik-2009-150x150.jpg\" class=\"attachment-thumbnail size-thumbnail\" alt=\"\" aria-describedby=\"gallery-2-310\" \/><\/a>\n\t\t\t<\/div>\n\t\t\t\t<figcaption class='wp-caption-text gallery-caption' id='gallery-2-310'>\n\t\t\t\tVana kirik 2009 aastal\n\t\t\t\t<\/figcaption><\/figure><figure class='gallery-item'>\n\t\t\t<div class='gallery-icon landscape'>\n\t\t\t\t<a href='https:\/\/tudulinnakultuurikants.ee\/wp-content\/uploads\/2019\/04\/IMG_7000.jpg'><img loading=\"lazy\" decoding=\"async\" width=\"150\" height=\"150\" src=\"https:\/\/tudulinnakultuurikants.ee\/wp-content\/uploads\/2019\/04\/IMG_7000-150x150.jpg\" class=\"attachment-thumbnail size-thumbnail\" alt=\"\" aria-describedby=\"gallery-2-311\" \/><\/a>\n\t\t\t<\/div>\n\t\t\t\t<figcaption class='wp-caption-text gallery-caption' id='gallery-2-311'>\n\t\t\t\tKiriku l\u00e4\u00e4nefassaad 2016 aastal.\n\t\t\t\t<\/figcaption><\/figure><figure class='gallery-item'>\n\t\t\t<div class='gallery-icon landscape'>\n\t\t\t\t<a href='https:\/\/tudulinnakultuurikants.ee\/wp-content\/uploads\/2019\/04\/IMG_7001.jpg'><img loading=\"lazy\" decoding=\"async\" width=\"150\" height=\"150\" src=\"https:\/\/tudulinnakultuurikants.ee\/wp-content\/uploads\/2019\/04\/IMG_7001-150x150.jpg\" class=\"attachment-thumbnail size-thumbnail\" alt=\"\" aria-describedby=\"gallery-2-312\" \/><\/a>\n\t\t\t<\/div>\n\t\t\t\t<figcaption class='wp-caption-text gallery-caption' id='gallery-2-312'>\n\t\t\t\tVeskiseadmete j\u00e4\u00e4nused vanas kirikus 2016 aastal.  Foto: Andres Meresmaa\n\t\t\t\t<\/figcaption><\/figure><figure class='gallery-item'>\n\t\t\t<div class='gallery-icon landscape'>\n\t\t\t\t<a href='https:\/\/tudulinnakultuurikants.ee\/wp-content\/uploads\/2019\/04\/IMG_7004.jpg'><img loading=\"lazy\" decoding=\"async\" width=\"150\" height=\"150\" src=\"https:\/\/tudulinnakultuurikants.ee\/wp-content\/uploads\/2019\/04\/IMG_7004-150x150.jpg\" class=\"attachment-thumbnail size-thumbnail\" alt=\"\" aria-describedby=\"gallery-2-313\" \/><\/a>\n\t\t\t<\/div>\n\t\t\t\t<figcaption class='wp-caption-text gallery-caption' id='gallery-2-313'>\n\t\t\t\tKiriku sisevaade. N\u00e4ha on vana r\u00f5dusammas ja r\u00f5du \u00e4\u00e4retala\n\t\t\t\t<\/figcaption><\/figure><figure class='gallery-item'>\n\t\t\t<div class='gallery-icon portrait'>\n\t\t\t\t<a href='https:\/\/tudulinnakultuurikants.ee\/wp-content\/uploads\/2019\/04\/IMG_7003.jpg'><img loading=\"lazy\" decoding=\"async\" width=\"150\" height=\"150\" src=\"https:\/\/tudulinnakultuurikants.ee\/wp-content\/uploads\/2019\/04\/IMG_7003-150x150.jpg\" class=\"attachment-thumbnail size-thumbnail\" alt=\"\" aria-describedby=\"gallery-2-314\" \/><\/a>\n\t\t\t<\/div>\n\t\t\t\t<figcaption class='wp-caption-text gallery-caption' id='gallery-2-314'>\n\t\t\t\t\u00dcks v\u00e4heseid s\u00e4ilinud originaaldetaile \u2013 r\u00f5dusammas\n\t\t\t\t<\/figcaption><\/figure><figure class='gallery-item'>\n\t\t\t<div class='gallery-icon landscape'>\n\t\t\t\t<a href='https:\/\/tudulinnakultuurikants.ee\/wp-content\/uploads\/2019\/05\/IMG_8118.jpg'><img loading=\"lazy\" decoding=\"async\" width=\"150\" height=\"150\" src=\"https:\/\/tudulinnakultuurikants.ee\/wp-content\/uploads\/2019\/05\/IMG_8118-150x150.jpg\" class=\"attachment-thumbnail size-thumbnail\" alt=\"\" aria-describedby=\"gallery-2-367\" \/><\/a>\n\t\t\t<\/div>\n\t\t\t\t<figcaption class='wp-caption-text gallery-caption' id='gallery-2-367'>\n\t\t\t\tRestaureeritud tornikukk on j\u00f5udnud tagasi vanasse kirikusse. Heade Tegude P\u00e4ev, 10 juuni 2018.  Foto: Andres Meresmaa\n\t\t\t\t<\/figcaption><\/figure><figure class='gallery-item'>\n\t\t\t<div class='gallery-icon landscape'>\n\t\t\t\t<a href='https:\/\/tudulinnakultuurikants.ee\/wp-content\/uploads\/2019\/05\/Rahu-kirik.jpg'><img loading=\"lazy\" decoding=\"async\" width=\"150\" height=\"150\" src=\"https:\/\/tudulinnakultuurikants.ee\/wp-content\/uploads\/2019\/05\/Rahu-kirik-150x150.jpg\" class=\"attachment-thumbnail size-thumbnail\" alt=\"\" aria-describedby=\"gallery-2-394\" \/><\/a>\n\t\t\t<\/div>\n\t\t\t\t<figcaption class='wp-caption-text gallery-caption' id='gallery-2-394'>\n\t\t\t\tRahu kirik.  Foto: Andres Meresmaa\n\t\t\t\t<\/figcaption><\/figure><figure class='gallery-item'>\n\t\t\t<div class='gallery-icon landscape'>\n\t\t\t\t<a href='https:\/\/tudulinnakultuurikants.ee\/wp-content\/uploads\/2019\/06\/IMG_8412.jpg'><img loading=\"lazy\" decoding=\"async\" width=\"150\" height=\"150\" src=\"https:\/\/tudulinnakultuurikants.ee\/wp-content\/uploads\/2019\/06\/IMG_8412-150x150.jpg\" class=\"attachment-thumbnail size-thumbnail\" alt=\"\" aria-describedby=\"gallery-2-672\" \/><\/a>\n\t\t\t<\/div>\n\t\t\t\t<figcaption class='wp-caption-text gallery-caption' id='gallery-2-672'>\n\t\t\t\tTudulinna kirikud 2019 aasta jaanuaris. Foto: Andres Meresmaa\n\t\t\t\t<\/figcaption><\/figure><figure class='gallery-item'>\n\t\t\t<div class='gallery-icon landscape'>\n\t\t\t\t<a href='https:\/\/tudulinnakultuurikants.ee\/wp-content\/uploads\/2019\/06\/Rahu-kirik-2.jpg'><img loading=\"lazy\" decoding=\"async\" width=\"150\" height=\"150\" src=\"https:\/\/tudulinnakultuurikants.ee\/wp-content\/uploads\/2019\/06\/Rahu-kirik-2-150x150.jpg\" class=\"attachment-thumbnail size-thumbnail\" alt=\"\" aria-describedby=\"gallery-2-677\" \/><\/a>\n\t\t\t<\/div>\n\t\t\t\t<figcaption class='wp-caption-text gallery-caption' id='gallery-2-677'>\n\t\t\t\tRahu kirik 2019. Ka 80-aastasena n\u00e4eb see hoone uus v\u00e4lja.  Foto: Andres Meresmaa\n\t\t\t\t<\/figcaption><\/figure>\n\t\t<\/div>\n\n<\/div>\n\t\t<\/div><\/div><\/div><\/div><\/div>","protected":false},"excerpt":{"rendered":"<p>Ajaloolised fotod Vana kiriku sisevaade 1905. Foto: Paul Johann Eduard Wender Vaade Tudulinna vanale kirikule ja M\u00f6ldri tuuleveskile. Foto: Carl Sarap Vana kirik p\u00e4rast 1939 a remonti Tudulinna kirikud 25 juulil 1947 aastal. Rahu kiriku tornil on n\u00e4ha s\u00f5japurustused. 1956. aastal n\u00e4gi vana kirik veel korralik v\u00e4lja ehkki oli juba&nbsp;[ &hellip; ]<\/p>\n","protected":false},"author":1,"featured_media":0,"parent":0,"menu_order":0,"comment_status":"closed","ping_status":"closed","template":"","meta":{"_bbp_topic_count":0,"_bbp_reply_count":0,"_bbp_total_topic_count":0,"_bbp_total_reply_count":0,"_bbp_voice_count":0,"_bbp_anonymous_reply_count":0,"_bbp_topic_count_hidden":0,"_bbp_reply_count_hidden":0,"_bbp_forum_subforum_count":0,"footnotes":"","_links_to":"","_links_to_target":""},"class_list":["post-720","page","type-page","status-publish","hentry","list-style-post"],"_links":{"self":[{"href":"https:\/\/tudulinnakultuurikants.ee\/index.php?rest_route=\/wp\/v2\/pages\/720","targetHints":{"allow":["GET"]}}],"collection":[{"href":"https:\/\/tudulinnakultuurikants.ee\/index.php?rest_route=\/wp\/v2\/pages"}],"about":[{"href":"https:\/\/tudulinnakultuurikants.ee\/index.php?rest_route=\/wp\/v2\/types\/page"}],"author":[{"embeddable":true,"href":"https:\/\/tudulinnakultuurikants.ee\/index.php?rest_route=\/wp\/v2\/users\/1"}],"replies":[{"embeddable":true,"href":"https:\/\/tudulinnakultuurikants.ee\/index.php?rest_route=%2Fwp%2Fv2%2Fcomments&post=720"}],"version-history":[{"count":19,"href":"https:\/\/tudulinnakultuurikants.ee\/index.php?rest_route=\/wp\/v2\/pages\/720\/revisions"}],"predecessor-version":[{"id":845,"href":"https:\/\/tudulinnakultuurikants.ee\/index.php?rest_route=\/wp\/v2\/pages\/720\/revisions\/845"}],"wp:attachment":[{"href":"https:\/\/tudulinnakultuurikants.ee\/index.php?rest_route=%2Fwp%2Fv2%2Fmedia&parent=720"}],"curies":[{"name":"wp","href":"https:\/\/api.w.org\/{rel}","templated":true}]}}